{"id":908,"date":"2024-07-10T15:59:39","date_gmt":"2024-07-10T13:59:39","guid":{"rendered":"https:\/\/benessere.clerici.lombardia.it\/accademia\/?page_id=908"},"modified":"2024-08-29T12:12:06","modified_gmt":"2024-08-29T10:12:06","slug":"make-up-pro","status":"publish","type":"page","link":"https:\/\/benessere.clerici.lombardia.it\/accademia\/make-up-pro\/","title":{"rendered":"MAKE-UP PRO"},"content":{"rendered":"\t\t<div data-elementor-type=\"wp-page\" data-elementor-id=\"908\" class=\"elementor elementor-908\">\n\t\t\t\t\t\t\t\t\t<section class=\"elementor-section elementor-top-section elementor-element elementor-element-1d15b3a0 elementor-section-height-min-height elementor-section-boxed elementor-section-height-default elementor-section-items-middle\" data-id=\"1d15b3a0\" data-element_type=\"section\" data-settings=\"{&quot;background_background&quot;:&quot;classic&quot;,&quot;_ha_eqh_enable&quot;:false}\">\n\t\t\t\t\t\t\t<div class=\"elementor-background-overlay\"><\/div>\n\t\t\t\t\t\t\t<div class=\"elementor-container elementor-column-gap-default\">\n\t\t\t\t\t<div class=\"elementor-column elementor-col-100 elementor-top-column elementor-element elementor-element-2fdb5673\" data-id=\"2fdb5673\" data-element_type=\"column\">\n\t\t\t<div class=\"elementor-widget-wrap elementor-element-populated\">\n\t\t\t\t\t\t\t\t<section class=\"elementor-section elementor-inner-section elementor-element elementor-element-642dfce elementor-section-boxed elementor-section-height-default elementor-section-height-default\" data-id=\"642dfce\" data-element_type=\"section\" data-settings=\"{&quot;_ha_eqh_enable&quot;:false}\">\n\t\t\t\t\t\t<div class=\"elementor-container elementor-column-gap-default\">\n\t\t\t\t\t<div class=\"elementor-column elementor-col-100 elementor-inner-column elementor-element elementor-element-60736285\" data-id=\"60736285\" data-element_type=\"column\">\n\t\t\t<div class=\"elementor-widget-wrap elementor-element-populated\">\n\t\t\t\t\t\t\t\t<div class=\"elementor-element elementor-element-6a6e540 elementor-widget-tablet__width-initial elementor-widget elementor-widget-elementskit-heading\" data-id=\"6a6e540\" data-element_type=\"widget\" data-widget_type=\"elementskit-heading.default\">\n\t\t\t\t<div class=\"elementor-widget-container\">\n\t\t\t<div class=\"ekit-wid-con\" ><div class=\"ekit-heading elementskit-section-title-wraper text_left   ekit_heading_tablet-   ekit_heading_mobile-\"><h3 class=\"elementskit-section-subtitle  elementskit-style-border\">\n\t\t\t\t\t\tAccademia del Benessere\n\t\t\t\t\t<\/h3><h1 class=\"ekit-heading--title elementskit-section-title \">MAKE-UP PRO<\/h1><\/div><\/div>\t\t<\/div>\n\t\t\t\t<\/div>\n\t\t\t\t\t<\/div>\n\t\t<\/div>\n\t\t\t\t\t\t\t<\/div>\n\t\t<\/section>\n\t\t\t\t\t<\/div>\n\t\t<\/div>\n\t\t\t\t\t\t\t<\/div>\n\t\t<\/section>\n\t\t\t\t<section class=\"elementor-section elementor-top-section elementor-element elementor-element-26f01739 elementor-section-boxed elementor-section-height-default elementor-section-height-default\" data-id=\"26f01739\" data-element_type=\"section\" data-settings=\"{&quot;_ha_eqh_enable&quot;:false}\">\n\t\t\t\t\t\t<div class=\"elementor-container elementor-column-gap-default\">\n\t\t\t\t\t<div class=\"elementor-column elementor-col-100 elementor-top-column elementor-element elementor-element-25c2797b\" data-id=\"25c2797b\" data-element_type=\"column\">\n\t\t\t<div class=\"elementor-widget-wrap elementor-element-populated\">\n\t\t\t\t\t\t\t\t<div class=\"elementor-element elementor-element-38c01ea5 elementor-widget elementor-widget-image\" data-id=\"38c01ea5\" data-element_type=\"widget\" data-widget_type=\"image.default\">\n\t\t\t\t<div class=\"elementor-widget-container\">\n\t\t\t<style>\/*! elementor - v3.10.2 - 29-01-2023 *\/\n.elementor-widget-image{text-align:center}.elementor-widget-image a{display:inline-block}.elementor-widget-image a img[src$=\".svg\"]{width:48px}.elementor-widget-image img{vertical-align:middle;display:inline-block}<\/style>\t\t\t\t\t\t\t\t\t\t\t\t<img decoding=\"async\" width=\"1024\" height=\"88\" src=\"https:\/\/benessere.clerici.lombardia.it\/accademia\/wp-content\/uploads\/2023\/09\/testata-renino-loghi-PNRR-1024x88.jpg\" class=\"attachment-large size-large wp-image-559\" alt=\"\" loading=\"lazy\" srcset=\"https:\/\/benessere.clerici.lombardia.it\/accademia\/wp-content\/uploads\/2023\/09\/testata-renino-loghi-PNRR-1024x88.jpg 1024w, https:\/\/benessere.clerici.lombardia.it\/accademia\/wp-content\/uploads\/2023\/09\/testata-renino-loghi-PNRR-300x26.jpg 300w, https:\/\/benessere.clerici.lombardia.it\/accademia\/wp-content\/uploads\/2023\/09\/testata-renino-loghi-PNRR-768x66.jpg 768w, https:\/\/benessere.clerici.lombardia.it\/accademia\/wp-content\/uploads\/2023\/09\/testata-renino-loghi-PNRR-1536x132.jpg 1536w, https:\/\/benessere.clerici.lombardia.it\/accademia\/wp-content\/uploads\/2023\/09\/testata-renino-loghi-PNRR-2048x176.jpg 2048w\" sizes=\"(max-width: 1024px) 100vw, 1024px\" \/>\t\t\t\t\t\t\t\t\t\t\t\t\t\t\t<\/div>\n\t\t\t\t<\/div>\n\t\t\t\t\t<\/div>\n\t\t<\/div>\n\t\t\t\t\t\t\t<\/div>\n\t\t<\/section>\n\t\t\t\t<section class=\"elementor-section elementor-top-section elementor-element elementor-element-5c5f9f88 elementor-section-boxed elementor-section-height-default elementor-section-height-default\" data-id=\"5c5f9f88\" data-element_type=\"section\" data-settings=\"{&quot;_ha_eqh_enable&quot;:false}\">\n\t\t\t\t\t\t<div class=\"elementor-container elementor-column-gap-default\">\n\t\t\t\t\t<div class=\"elementor-column elementor-col-50 elementor-top-column elementor-element elementor-element-3a165490\" data-id=\"3a165490\" data-element_type=\"column\">\n\t\t\t<div class=\"elementor-widget-wrap elementor-element-populated\">\n\t\t\t\t\t\t\t\t<div class=\"elementor-element elementor-element-2a84beb9 elementor-align-left elementor-icon-list--layout-traditional elementor-list-item-link-full_width elementor-widget elementor-widget-icon-list\" data-id=\"2a84beb9\" data-element_type=\"widget\" data-widget_type=\"icon-list.default\">\n\t\t\t\t<div class=\"elementor-widget-container\">\n\t\t\t<link rel=\"stylesheet\" href=\"https:\/\/benessere.clerici.lombardia.it\/accademia\/wp-content\/plugins\/elementor\/assets\/css\/widget-icon-list.min.css\">\t\t<ul class=\"elementor-icon-list-items\">\n\t\t\t\t\t\t\t<li class=\"elementor-icon-list-item\">\n\t\t\t\t\t\t\t\t\t\t\t<span class=\"elementor-icon-list-icon\">\n\t\t\t\t\t\t\t<i aria-hidden=\"true\" class=\"icon icon-clock11\"><\/i>\t\t\t\t\t\t<\/span>\n\t\t\t\t\t\t\t\t\t\t<span class=\"elementor-icon-list-text\"><b> DURATA: <\/b> 36 ore<\/span>\n\t\t\t\t\t\t\t\t\t<\/li>\n\t\t\t\t\t\t\t\t<li class=\"elementor-icon-list-item\">\n\t\t\t\t\t\t\t\t\t\t\t<span class=\"elementor-icon-list-icon\">\n\t\t\t\t\t\t\t<i aria-hidden=\"true\" class=\"icon icon-calendar\"><\/i>\t\t\t\t\t\t<\/span>\n\t\t\t\t\t\t\t\t\t\t<span class=\"elementor-icon-list-text\"><b> FREQUENZA: <\/b> 6 sabati da 6 ore ciascuno<\/span>\n\t\t\t\t\t\t\t\t\t<\/li>\n\t\t\t\t\t\t\t\t<li class=\"elementor-icon-list-item\">\n\t\t\t\t\t\t\t\t\t\t\t<span class=\"elementor-icon-list-icon\">\n\t\t\t\t\t\t\t<i aria-hidden=\"true\" class=\"icon icon-map-marker1\"><\/i>\t\t\t\t\t\t<\/span>\n\t\t\t\t\t\t\t\t\t\t<span class=\"elementor-icon-list-text\"><b> SEDE: <\/b> via Montecuccoli 44, Milano <br>(M1 - Bande Nere)<\/b><\/span>\n\t\t\t\t\t\t\t\t\t<\/li>\n\t\t\t\t\t\t\t\t<li class=\"elementor-icon-list-item\">\n\t\t\t\t\t\t\t\t\t\t\t<span class=\"elementor-icon-list-icon\">\n\t\t\t\t\t\t\t<i aria-hidden=\"true\" class=\"fas fa-check\"><\/i>\t\t\t\t\t\t<\/span>\n\t\t\t\t\t\t\t\t\t\t<span class=\"elementor-icon-list-text\"><b> REQUISITI: <\/b> chiunque voglia specializzarsi nel mondo del make-up<\/span>\n\t\t\t\t\t\t\t\t\t<\/li>\n\t\t\t\t\t\t\t\t<li class=\"elementor-icon-list-item\">\n\t\t\t\t\t\t\t\t\t\t\t<span class=\"elementor-icon-list-icon\">\n\t\t\t\t\t\t\t<i aria-hidden=\"true\" class=\"icon icon-diploma\"><\/i>\t\t\t\t\t\t<\/span>\n\t\t\t\t\t\t\t\t\t\t<span class=\"elementor-icon-list-text\"><b> ATTESTATO: <\/b> A fine corso verr\u00e0 rilasciato un attestato di frequenza<\/span>\n\t\t\t\t\t\t\t\t\t<\/li>\n\t\t\t\t\t\t<\/ul>\n\t\t\t\t<\/div>\n\t\t\t\t<\/div>\n\t\t\t\t\t<\/div>\n\t\t<\/div>\n\t\t\t\t<div class=\"elementor-column elementor-col-50 elementor-top-column elementor-element elementor-element-627edd07\" data-id=\"627edd07\" data-element_type=\"column\">\n\t\t\t<div class=\"elementor-widget-wrap elementor-element-populated\">\n\t\t\t\t\t\t\t\t<div class=\"elementor-element elementor-element-3fac3b3 elementor-widget elementor-widget-elementskit-heading\" data-id=\"3fac3b3\" data-element_type=\"widget\" data-widget_type=\"elementskit-heading.default\">\n\t\t\t\t<div class=\"elementor-widget-container\">\n\t\t\t<div class=\"ekit-wid-con\" ><div class=\"ekit-heading elementskit-section-title-wraper text_left   ekit_heading_tablet-   ekit_heading_mobile-\"><h3 class=\"elementskit-section-subtitle  elementskit-style-border\">\n\t\t\t\t\t\tMAKE-UP PRO\n\t\t\t\t\t<\/h3><h2 class=\"ekit-heading--title elementskit-section-title \">Il corso<\/h2><\/div><\/div>\t\t<\/div>\n\t\t\t\t<\/div>\n\t\t\t\t<div class=\"elementor-element elementor-element-61a74012 elementor-widget elementor-widget-text-editor\" data-id=\"61a74012\" data-element_type=\"widget\" data-widget_type=\"text-editor.default\">\n\t\t\t\t<div class=\"elementor-widget-container\">\n\t\t\t<style>\/*! elementor - v3.10.2 - 29-01-2023 *\/\n.elementor-widget-text-editor.elementor-drop-cap-view-stacked .elementor-drop-cap{background-color:#818a91;color:#fff}.elementor-widget-text-editor.elementor-drop-cap-view-framed .elementor-drop-cap{color:#818a91;border:3px solid;background-color:transparent}.elementor-widget-text-editor:not(.elementor-drop-cap-view-default) .elementor-drop-cap{margin-top:8px}.elementor-widget-text-editor:not(.elementor-drop-cap-view-default) .elementor-drop-cap-letter{width:1em;height:1em}.elementor-widget-text-editor .elementor-drop-cap{float:left;text-align:center;line-height:1;font-size:50px}.elementor-widget-text-editor .elementor-drop-cap-letter{display:inline-block}<\/style>\t\t\t\t<p>Scopri l&#8217;arte del make-up!<\/p><p>Con un corso intensivo di 36 ore,\u00a0 potrai acquisire competenze avanzate in quattro aree chiave del makeup.<\/p><p>Inizierai con il <strong>Fitting Makeup<\/strong>, dove imparerai a valorizzare ogni cliente attraverso tecniche personalizzate che esaltano le loro uniche caratteristiche.<\/p><p>Proseguendo con le lezioni di <strong>Acconciatura Base<\/strong>, apprenderai come creare raccolti, semi raccolti e trecce che completano il look in modo perfetto.<\/p><p>Il modulo di <strong>Fashion Makeup<\/strong> ti introdurr\u00e0 ai trend attuali e alle tecniche di self marketing attraverso i social media, permettendoti di creare makeup editoriali mozzafiato e di promuovere il tuo lavoro con successo.<\/p><p>Infine, il modulo di <strong>Makeup Sposa<\/strong> ti preparer\u00e0 a realizzare makeup e acconciature impeccabili per eventi speciali, rendendo ogni sposa la versione pi\u00f9 bella di se stessa nel giorno pi\u00f9 importante della sua vita<\/p>\t\t\t\t\t\t<\/div>\n\t\t\t\t<\/div>\n\t\t\t\t\t<\/div>\n\t\t<\/div>\n\t\t\t\t\t\t\t<\/div>\n\t\t<\/section>\n\t\t\t\t<section class=\"elementor-section elementor-top-section elementor-element elementor-element-329e73e4 elementor-section-boxed elementor-section-height-default elementor-section-height-default\" data-id=\"329e73e4\" data-element_type=\"section\" data-settings=\"{&quot;background_background&quot;:&quot;classic&quot;,&quot;_ha_eqh_enable&quot;:false}\">\n\t\t\t\t\t\t<div class=\"elementor-container elementor-column-gap-default\">\n\t\t\t\t\t<div class=\"elementor-column elementor-col-100 elementor-top-column elementor-element elementor-element-20fedc8\" data-id=\"20fedc8\" data-element_type=\"column\">\n\t\t\t<div class=\"elementor-widget-wrap elementor-element-populated\">\n\t\t\t\t\t\t\t\t<div class=\"elementor-element elementor-element-2048cd0a elementor-widget elementor-widget-elementskit-heading\" data-id=\"2048cd0a\" data-element_type=\"widget\" data-widget_type=\"elementskit-heading.default\">\n\t\t\t\t<div class=\"elementor-widget-container\">\n\t\t\t<div class=\"ekit-wid-con\" ><div class=\"ekit-heading elementskit-section-title-wraper text_left   ekit_heading_tablet-   ekit_heading_mobile-\"><h3 class=\"elementskit-section-subtitle  elementskit-style-border\">\n\t\t\t\t\t\tMAKE-UP PRO\n\t\t\t\t\t<\/h3><h2 class=\"ekit-heading--title elementskit-section-title \">Il Programma<\/h2><\/div><\/div>\t\t<\/div>\n\t\t\t\t<\/div>\n\t\t\t\t<div class=\"elementor-element elementor-element-200df663 elementor-widget elementor-widget-text-editor\" data-id=\"200df663\" data-element_type=\"widget\" data-widget_type=\"text-editor.default\">\n\t\t\t\t<div class=\"elementor-widget-container\">\n\t\t\t\t\t\t\t<p><strong><u>MODULI<\/u><\/strong><\/p>\n<ul>\n<li><strong>FITTING MAKEUP (12 ore)<\/strong><\/li>\n<\/ul>\n<div><b>&nbsp;<\/b><\/div>\n<div><br><\/div>\n<p><span style=\"text-decoration: underline;\"><em>TEORIA:&nbsp; <\/em><\/span>Studio della morfologia del viso;&nbsp;<span style=\"color: var( --e-global-color-text ); letter-spacing: 0.2px; background-color: var( --e-global-color-nvlightbg ); text-transform: var(--bodytexttransform);\">Studio delle regole del trucco base;&nbsp;<\/span><span style=\"color: var( --e-global-color-text ); letter-spacing: 0.2px; background-color: var( --e-global-color-nvlightbg ); text-transform: var(--bodytexttransform);\">tecniche di applicazione dei prodotti e tecniche di sfumatura;&nbsp;<\/span><span style=\"color: var( --e-global-color-text ); letter-spacing: 0.2px; background-color: var( --e-global-color-nvlightbg ); text-transform: var(--bodytexttransform);\">analisi armocromatica e della personalit\u00e0\/stile del cliente<\/span><\/p>\n<p><span style=\"text-decoration: underline;\"><em>PRATICA: <\/em><\/span>Realizzazione del makeup su misura<\/p>\n<p><span style=\"text-decoration: underline;\"><em>OBBIETTIVO:<\/em><\/span> Realizzare il makeup valorizzando le caratteristiche del cliente considerandone le esigenze<\/p>\n<p><\/p>\n<ul>\n<li><strong style=\"color: var( --e-global-color-text ); letter-spacing: 0px; text-transform: var(--bodytexttransform); background-color: var( --e-global-color-nvlightbg );\">ACCONCIATURA BASE (6 ore)<\/strong><\/li><\/ul>\n<div><b>&nbsp;<\/b><\/div>\n<p><em><span style=\"text-decoration: underline;\">TEORIA:<\/span><\/em> Studio della morfologia del viso e delle tipologie di acconciature pi\u00f9 adatte a ciascuno<\/p>\n<p><span style=\"text-decoration: underline;\"><em>PRATICA:<\/em><\/span> Realizzazione di raccolti, semi raccolti semplici, trecce<\/p>\n<p><span style=\"text-decoration: underline;\"><em>OBBIETTIVO:<\/em><\/span> Realizzare l\u2019acconciatura valorizzando il viso del cliente considerandone le esigenze<\/p>\n<p><\/p>\n<ul>\n<li><strong>FASHION MAKEUP (MAKEUP EDITORIALE) (12 ore) <\/strong><b>&nbsp;<\/b><\/li><\/ul>\n<div>&nbsp;<\/div>\n<div>\n<p><em style=\"color: var( --e-global-color-text ); letter-spacing: 0px; text-transform: var(--bodytexttransform); background-color: var( --e-global-color-nvlightbg );\"><u>TEORIA:&nbsp;<\/u><\/em>studio dei trend moda e colore attuali&nbsp;<span style=\"color: var( --e-global-color-text ); letter-spacing: 0px; background-color: var( --e-global-color-nvlightbg ); text-transform: var(--bodytexttransform);\">analisi dei principali mezzi di comunicazione&nbsp;<\/span><span style=\"color: var( --e-global-color-text ); letter-spacing: 0px; text-transform: var(--bodytexttransform); background-color: var( --e-global-color-nvlightbg );\">tecniche di self marketing attraverso i principali social networks<\/span><\/p><\/div>\n<p><span style=\"text-decoration: underline;\"><em>PRATICA:&nbsp;&nbsp;<\/em><\/span><span style=\"color: var( --e-global-color-text ); letter-spacing: 0px; background-color: var( --e-global-color-nvlightbg ); text-transform: var(--bodytexttransform);\">realizzazione di makeup editoriali&nbsp;<\/span><span style=\"color: var( --e-global-color-text ); letter-spacing: 0px; background-color: var( --e-global-color-nvlightbg ); text-transform: var(--bodytexttransform);\">realizzazione di scatti fotografici dei lavori realizzati&nbsp;<\/span><span style=\"color: var( --e-global-color-text ); letter-spacing: 0px; background-color: var( --e-global-color-nvlightbg ); text-transform: var(--bodytexttransform);\">self marketing<\/span><\/p>\n<p><span style=\"text-decoration: underline;\"><em>OBBIETTIVO:&nbsp;<\/em><\/span><span style=\"color: var( --e-global-color-text ); letter-spacing: 0px; background-color: var( --e-global-color-nvlightbg ); text-transform: var(--bodytexttransform);\">Realizzare makeup fashion applicando tecniche e prodotti di tendenza.<\/span><\/p>\n<p>Creazione di immagini ad alto impatto comunicativo.<\/p>\n<p><\/p>\n<ul>\n<li><strong>MAKEUP SPOSA (6 ore)<\/strong><\/li>\n<\/ul>\n<div><b style=\"color: var( --e-global-color-text ); letter-spacing: 0.2px; background-color: var( --e-global-color-nvlightbg ); text-transform: var(--bodytexttransform);\">&nbsp;<\/b><br><\/div>\n<p><span style=\"text-decoration: underline;\"><em>TEORIA:&nbsp;<\/em><\/span>Apprendimento d<span style=\"color: var( --e-global-color-text ); letter-spacing: 0px; text-transform: var(--bodytexttransform); background-color: var( --e-global-color-nvlightbg );\">e<\/span><span style=\"color: var( --e-global-color-text ); letter-spacing: 0px; text-transform: var(--bodytexttransform); background-color: var( --e-global-color-nvlightbg );\">i principi e tecniche per realizzare makeup per eventi considerando le esigenze di ciascun cliente<\/span><\/p>\n<p><em><span style=\"text-decoration: underline;\">PRATICA: <\/span><\/em>Realizzazione del makeup e acconciatura sposa<\/p>\n<p><em><span style=\"text-decoration: underline;\">OBBIETTIVO:&nbsp;<\/span><\/em>Creare makeup e acconciature per eventi che valorizzino le caratteristiche del cliente.<\/p>\t\t\t\t\t\t<\/div>\n\t\t\t\t<\/div>\n\t\t\t\t\t<\/div>\n\t\t<\/div>\n\t\t\t\t\t\t\t<\/div>\n\t\t<\/section>\n\t\t\t\t<section class=\"elementor-section elementor-top-section elementor-element elementor-element-fe7a458 elementor-section-boxed elementor-section-height-default elementor-section-height-default\" data-id=\"fe7a458\" data-element_type=\"section\" data-settings=\"{&quot;_ha_eqh_enable&quot;:false}\">\n\t\t\t\t\t\t<div class=\"elementor-container elementor-column-gap-default\">\n\t\t\t\t\t<div class=\"elementor-column elementor-col-25 elementor-top-column elementor-element elementor-element-e186e28\" data-id=\"e186e28\" data-element_type=\"column\">\n\t\t\t<div class=\"elementor-widget-wrap elementor-element-populated\">\n\t\t\t\t\t\t\t\t<div class=\"elementor-element elementor-element-6a5860b elementor-widget elementor-widget-image\" data-id=\"6a5860b\" data-element_type=\"widget\" data-widget_type=\"image.default\">\n\t\t\t\t<div class=\"elementor-widget-container\">\n\t\t\t\t\t\t\t\t\t\t\t\t\t\t\t<img decoding=\"async\" src=\"https:\/\/benessere.clerici.lombardia.it\/accademia\/wp-content\/uploads\/elementor\/thumbs\/chiaranudeok-qqwnqzodu976zt2cm4e0zi51rgsma051qxh59hl9fk.png\" title=\"chiaranudeok\" alt=\"chiaranudeok\" loading=\"lazy\" \/>\t\t\t\t\t\t\t\t\t\t\t\t\t\t\t<\/div>\n\t\t\t\t<\/div>\n\t\t\t\t\t<\/div>\n\t\t<\/div>\n\t\t\t\t<div class=\"elementor-column elementor-col-25 elementor-top-column elementor-element elementor-element-e3aaa42\" data-id=\"e3aaa42\" data-element_type=\"column\">\n\t\t\t<div class=\"elementor-widget-wrap elementor-element-populated\">\n\t\t\t\t\t\t\t\t<div class=\"elementor-element elementor-element-66e2638 elementor-widget elementor-widget-image\" data-id=\"66e2638\" data-element_type=\"widget\" data-widget_type=\"image.default\">\n\t\t\t\t<div class=\"elementor-widget-container\">\n\t\t\t\t\t\t\t\t\t\t\t\t\t\t\t<img decoding=\"async\" width=\"1024\" height=\"1024\" src=\"https:\/\/benessere.clerici.lombardia.it\/accademia\/wp-content\/uploads\/2023\/09\/Gallery-armocromia-05-1024x1024.jpg\" class=\"attachment-large size-large wp-image-549\" alt=\"\" loading=\"lazy\" srcset=\"https:\/\/benessere.clerici.lombardia.it\/accademia\/wp-content\/uploads\/2023\/09\/Gallery-armocromia-05-1024x1024.jpg 1024w, https:\/\/benessere.clerici.lombardia.it\/accademia\/wp-content\/uploads\/2023\/09\/Gallery-armocromia-05-300x300.jpg 300w, https:\/\/benessere.clerici.lombardia.it\/accademia\/wp-content\/uploads\/2023\/09\/Gallery-armocromia-05-150x150.jpg 150w, https:\/\/benessere.clerici.lombardia.it\/accademia\/wp-content\/uploads\/2023\/09\/Gallery-armocromia-05-768x768.jpg 768w, https:\/\/benessere.clerici.lombardia.it\/accademia\/wp-content\/uploads\/2023\/09\/Gallery-armocromia-05-1536x1536.jpg 1536w, https:\/\/benessere.clerici.lombardia.it\/accademia\/wp-content\/uploads\/2023\/09\/Gallery-armocromia-05-2048x2048.jpg 2048w\" sizes=\"(max-width: 1024px) 100vw, 1024px\" \/>\t\t\t\t\t\t\t\t\t\t\t\t\t\t\t<\/div>\n\t\t\t\t<\/div>\n\t\t\t\t\t<\/div>\n\t\t<\/div>\n\t\t\t\t<div class=\"elementor-column elementor-col-25 elementor-top-column elementor-element elementor-element-4c675a2\" data-id=\"4c675a2\" data-element_type=\"column\">\n\t\t\t<div class=\"elementor-widget-wrap elementor-element-populated\">\n\t\t\t\t\t\t\t\t<div class=\"elementor-element elementor-element-93e2098 elementor-widget elementor-widget-image\" data-id=\"93e2098\" data-element_type=\"widget\" data-widget_type=\"image.default\">\n\t\t\t\t<div class=\"elementor-widget-container\">\n\t\t\t\t\t\t\t\t\t\t\t\t\t\t\t<img decoding=\"async\" width=\"1024\" height=\"1024\" src=\"https:\/\/benessere.clerici.lombardia.it\/accademia\/wp-content\/uploads\/2023\/02\/BENESSERE-02-1024x1024.jpg\" class=\"attachment-large size-large wp-image-219\" alt=\"\" loading=\"lazy\" srcset=\"https:\/\/benessere.clerici.lombardia.it\/accademia\/wp-content\/uploads\/2023\/02\/BENESSERE-02-1024x1024.jpg 1024w, https:\/\/benessere.clerici.lombardia.it\/accademia\/wp-content\/uploads\/2023\/02\/BENESSERE-02-300x300.jpg 300w, https:\/\/benessere.clerici.lombardia.it\/accademia\/wp-content\/uploads\/2023\/02\/BENESSERE-02-150x150.jpg 150w, https:\/\/benessere.clerici.lombardia.it\/accademia\/wp-content\/uploads\/2023\/02\/BENESSERE-02-768x768.jpg 768w, https:\/\/benessere.clerici.lombardia.it\/accademia\/wp-content\/uploads\/2023\/02\/BENESSERE-02-1536x1536.jpg 1536w, https:\/\/benessere.clerici.lombardia.it\/accademia\/wp-content\/uploads\/2023\/02\/BENESSERE-02-2048x2048.jpg 2048w\" sizes=\"(max-width: 1024px) 100vw, 1024px\" \/>\t\t\t\t\t\t\t\t\t\t\t\t\t\t\t<\/div>\n\t\t\t\t<\/div>\n\t\t\t\t\t<\/div>\n\t\t<\/div>\n\t\t\t\t<div class=\"elementor-column elementor-col-25 elementor-top-column elementor-element elementor-element-dc0c78a\" data-id=\"dc0c78a\" data-element_type=\"column\">\n\t\t\t<div class=\"elementor-widget-wrap elementor-element-populated\">\n\t\t\t\t\t\t\t\t<div class=\"elementor-element elementor-element-c5a3dbf elementor-widget elementor-widget-image\" data-id=\"c5a3dbf\" data-element_type=\"widget\" data-widget_type=\"image.default\">\n\t\t\t\t<div class=\"elementor-widget-container\">\n\t\t\t\t\t\t\t\t\t\t\t\t\t\t\t<img decoding=\"async\" width=\"1024\" height=\"1024\" src=\"https:\/\/benessere.clerici.lombardia.it\/accademia\/wp-content\/uploads\/2023\/09\/Corsi-home-03-1024x1024.jpg\" class=\"attachment-large size-large wp-image-553\" alt=\"\" loading=\"lazy\" srcset=\"https:\/\/benessere.clerici.lombardia.it\/accademia\/wp-content\/uploads\/2023\/09\/Corsi-home-03-1024x1024.jpg 1024w, https:\/\/benessere.clerici.lombardia.it\/accademia\/wp-content\/uploads\/2023\/09\/Corsi-home-03-300x300.jpg 300w, https:\/\/benessere.clerici.lombardia.it\/accademia\/wp-content\/uploads\/2023\/09\/Corsi-home-03-150x150.jpg 150w, https:\/\/benessere.clerici.lombardia.it\/accademia\/wp-content\/uploads\/2023\/09\/Corsi-home-03-768x768.jpg 768w, https:\/\/benessere.clerici.lombardia.it\/accademia\/wp-content\/uploads\/2023\/09\/Corsi-home-03.jpg 1444w\" sizes=\"(max-width: 1024px) 100vw, 1024px\" \/>\t\t\t\t\t\t\t\t\t\t\t\t\t\t\t<\/div>\n\t\t\t\t<\/div>\n\t\t\t\t\t<\/div>\n\t\t<\/div>\n\t\t\t\t\t\t\t<\/div>\n\t\t<\/section>\n\t\t\t\t<section class=\"elementor-section elementor-top-section elementor-element elementor-element-ebb67d0 elementor-section-boxed elementor-section-height-default elementor-section-height-default\" data-id=\"ebb67d0\" data-element_type=\"section\" data-settings=\"{&quot;background_background&quot;:&quot;classic&quot;,&quot;_ha_eqh_enable&quot;:false}\">\n\t\t\t\t\t\t\t<div class=\"elementor-background-overlay\"><\/div>\n\t\t\t\t\t\t\t<div class=\"elementor-container elementor-column-gap-default\">\n\t\t\t\t\t<div class=\"elementor-column elementor-col-33 elementor-top-column elementor-element elementor-element-ff9bee4\" data-id=\"ff9bee4\" data-element_type=\"column\">\n\t\t\t<div class=\"elementor-widget-wrap elementor-element-populated\">\n\t\t\t\t\t\t\t\t<div class=\"elementor-element elementor-element-27815c6a elementor-widget elementor-widget-elementskit-heading\" data-id=\"27815c6a\" data-element_type=\"widget\" data-widget_type=\"elementskit-heading.default\">\n\t\t\t\t<div class=\"elementor-widget-container\">\n\t\t\t<div class=\"ekit-wid-con\" ><div class=\"ekit-heading elementskit-section-title-wraper text_left   ekit_heading_tablet-   ekit_heading_mobile-text_center\"><h2 class=\"ekit-heading--title elementskit-section-title \">Iscriviti al corso<\/h2>\t\t\t\t<div class='ekit-heading__description'>\n\t\t\t\t\t<p><b>Contattaci e rimani informato<\/b> sulle sedi di svolgimento!<\/p>\n\t\t\t\t<\/div>\n\t\t\t<\/div><\/div>\t\t<\/div>\n\t\t\t\t<\/div>\n\t\t\t\t\t<\/div>\n\t\t<\/div>\n\t\t\t\t<div class=\"elementor-column elementor-col-33 elementor-top-column elementor-element elementor-element-d165389\" data-id=\"d165389\" data-element_type=\"column\">\n\t\t\t<div class=\"elementor-widget-wrap elementor-element-populated\">\n\t\t\t\t\t\t\t\t<div class=\"elementor-element elementor-element-9f7f068 elementor-position-top elementor-view-default elementor-mobile-position-top elementor-vertical-align-top elementor-widget elementor-widget-icon-box\" data-id=\"9f7f068\" data-element_type=\"widget\" data-widget_type=\"icon-box.default\">\n\t\t\t\t<div class=\"elementor-widget-container\">\n\t\t\t<link rel=\"stylesheet\" href=\"https:\/\/benessere.clerici.lombardia.it\/accademia\/wp-content\/plugins\/elementor\/assets\/css\/widget-icon-box.min.css\">\t\t<div class=\"elementor-icon-box-wrapper\">\n\t\t\t\t\t\t<div class=\"elementor-icon-box-icon\">\n\t\t\t\t<a class=\"elementor-icon elementor-animation-\" href=\"tel:%2002416757\">\n\t\t\t\t<i aria-hidden=\"true\" class=\"icon icon-phone-call1\"><\/i>\t\t\t\t<\/a>\n\t\t\t<\/div>\n\t\t\t\t\t\t<div class=\"elementor-icon-box-content\">\n\t\t\t\t<h4 class=\"elementor-icon-box-title\">\n\t\t\t\t\t<a href=\"tel:%2002416757\" >\n\t\t\t\t\t\t02 416757\t\t\t\t\t<\/a>\n\t\t\t\t<\/h4>\n\t\t\t\t\t\t\t<\/div>\n\t\t<\/div>\n\t\t\t\t<\/div>\n\t\t\t\t<\/div>\n\t\t\t\t\t<\/div>\n\t\t<\/div>\n\t\t\t\t<div class=\"elementor-column elementor-col-33 elementor-top-column elementor-element elementor-element-23026e8b\" data-id=\"23026e8b\" data-element_type=\"column\">\n\t\t\t<div class=\"elementor-widget-wrap elementor-element-populated\">\n\t\t\t\t\t\t\t\t<div class=\"elementor-element elementor-element-273845a1 elementor-view-default elementor-mobile-position-top elementor-vertical-align-top elementor-widget elementor-widget-icon-box\" data-id=\"273845a1\" data-element_type=\"widget\" data-widget_type=\"icon-box.default\">\n\t\t\t\t<div class=\"elementor-widget-container\">\n\t\t\t\t\t<div class=\"elementor-icon-box-wrapper\">\n\t\t\t\t\t\t<div class=\"elementor-icon-box-icon\">\n\t\t\t\t<a class=\"elementor-icon elementor-animation-\" href=\"mailto:%20benessere@clerici.lombardia.it\">\n\t\t\t\t<i aria-hidden=\"true\" class=\"icon icon-email\"><\/i>\t\t\t\t<\/a>\n\t\t\t<\/div>\n\t\t\t\t\t\t<div class=\"elementor-icon-box-content\">\n\t\t\t\t<h4 class=\"elementor-icon-box-title\">\n\t\t\t\t\t<a href=\"mailto:%20benessere@clerici.lombardia.it\" >\n\t\t\t\t\t\tbenessere@clerici.lombardia.it\t\t\t\t\t<\/a>\n\t\t\t\t<\/h4>\n\t\t\t\t\t\t\t<\/div>\n\t\t<\/div>\n\t\t\t\t<\/div>\n\t\t\t\t<\/div>\n\t\t\t\t\t<\/div>\n\t\t<\/div>\n\t\t\t\t\t\t\t<\/div>\n\t\t<\/section>\n\t\t\t\t<section class=\"elementor-section elementor-top-section elementor-element elementor-element-3146bf76 elementor-section-stretched elementor-section-content-middle elementor-section-boxed elementor-section-height-default elementor-section-height-default\" data-id=\"3146bf76\" data-element_type=\"section\" data-settings=\"{&quot;stretch_section&quot;:&quot;section-stretched&quot;,&quot;background_background&quot;:&quot;classic&quot;,&quot;_ha_eqh_enable&quot;:false}\">\n\t\t\t\t\t\t<div class=\"elementor-container elementor-column-gap-default\">\n\t\t\t\t\t<div class=\"elementor-column elementor-col-100 elementor-top-column elementor-element elementor-element-7876ce9d\" data-id=\"7876ce9d\" data-element_type=\"column\">\n\t\t\t<div class=\"elementor-widget-wrap\">\n\t\t\t\t\t\t\t\t\t<\/div>\n\t\t<\/div>\n\t\t\t\t\t\t\t<\/div>\n\t\t<\/section>\n\t\t\t\t<section class=\"elementor-section elementor-top-section elementor-element elementor-element-4d57098c elementor-section-full_width elementor-section-height-default elementor-section-height-default\" data-id=\"4d57098c\" data-element_type=\"section\" data-settings=\"{&quot;background_background&quot;:&quot;classic&quot;,&quot;_ha_eqh_enable&quot;:false}\">\n\t\t\t\t\t\t<div class=\"elementor-container elementor-column-gap-default\">\n\t\t\t\t\t<div class=\"elementor-column elementor-col-100 elementor-top-column elementor-element elementor-element-35862869\" data-id=\"35862869\" data-element_type=\"column\">\n\t\t\t<div class=\"elementor-widget-wrap elementor-element-populated\">\n\t\t\t\t\t\t\t\t<div class=\"elementor-element elementor-element-1ee51b27 elementor-widget elementor-widget-elementskit-heading\" data-id=\"1ee51b27\" data-element_type=\"widget\" data-widget_type=\"elementskit-heading.default\">\n\t\t\t\t<div class=\"elementor-widget-container\">\n\t\t\t<div class=\"ekit-wid-con\" ><div class=\"ekit-heading elementskit-section-title-wraper text_center   ekit_heading_tablet-   ekit_heading_mobile-\"><h4 class=\"elementskit-section-subtitle  \">\n\t\t\t\t\t\tAccademia del Benessere\n\t\t\t\t\t<\/h4><h2 class=\"ekit-heading--title elementskit-section-title \">Scopri gli altri corsi<\/h2><\/div><\/div>\t\t<\/div>\n\t\t\t\t<\/div>\n\t\t\t\t<section class=\"elementor-section elementor-inner-section elementor-element elementor-element-36732fee elementor-section-boxed elementor-section-height-default elementor-section-height-default\" data-id=\"36732fee\" data-element_type=\"section\" data-settings=\"{&quot;_ha_eqh_enable&quot;:false}\">\n\t\t\t\t\t\t<div class=\"elementor-container elementor-column-gap-default\">\n\t\t\t\t\t<div class=\"elementor-column elementor-col-33 elementor-inner-column elementor-element elementor-element-5a7db618\" data-id=\"5a7db618\" data-element_type=\"column\">\n\t\t\t<div class=\"elementor-widget-wrap elementor-element-populated\">\n\t\t\t\t\t\t\t\t<div data-ha-element-link=\"{&quot;url&quot;:&quot;https:\\\/\\\/deborah.clerici.lombardia.it\\\/the-art-of-make-up-2\\\/&quot;,&quot;is_external&quot;:&quot;&quot;,&quot;nofollow&quot;:&quot;&quot;,&quot;custom_attributes&quot;:&quot;&quot;}\" style=\"cursor: pointer\" class=\"elementor-element elementor-element-504ceede elementor-invisible elementor-widget elementor-widget-image\" data-id=\"504ceede\" data-element_type=\"widget\" data-settings=\"{&quot;_animation&quot;:&quot;fadeIn&quot;}\" data-widget_type=\"image.default\">\n\t\t\t\t<div class=\"elementor-widget-container\">\n\t\t\t\t\t\t\t\t\t\t\t\t\t\t\t<img decoding=\"async\" width=\"1024\" height=\"1024\" src=\"https:\/\/benessere.clerici.lombardia.it\/accademia\/wp-content\/uploads\/2023\/02\/truccodeborahmakeup-03-1024x1024.png\" class=\"attachment-large size-large wp-image-377\" alt=\"\" loading=\"lazy\" srcset=\"https:\/\/benessere.clerici.lombardia.it\/accademia\/wp-content\/uploads\/2023\/02\/truccodeborahmakeup-03-1024x1024.png 1024w, https:\/\/benessere.clerici.lombardia.it\/accademia\/wp-content\/uploads\/2023\/02\/truccodeborahmakeup-03-300x300.png 300w, https:\/\/benessere.clerici.lombardia.it\/accademia\/wp-content\/uploads\/2023\/02\/truccodeborahmakeup-03-150x150.png 150w, https:\/\/benessere.clerici.lombardia.it\/accademia\/wp-content\/uploads\/2023\/02\/truccodeborahmakeup-03-768x768.png 768w, https:\/\/benessere.clerici.lombardia.it\/accademia\/wp-content\/uploads\/2023\/02\/truccodeborahmakeup-03.png 1080w\" sizes=\"(max-width: 1024px) 100vw, 1024px\" \/>\t\t\t\t\t\t\t\t\t\t\t\t\t\t\t<\/div>\n\t\t\t\t<\/div>\n\t\t\t\t<div class=\"elementor-element elementor-element-64cd4fa1 elementor-widget elementor-widget-heading\" data-id=\"64cd4fa1\" data-element_type=\"widget\" data-widget_type=\"heading.default\">\n\t\t\t\t<div class=\"elementor-widget-container\">\n\t\t\t<style>\/*! elementor - v3.10.2 - 29-01-2023 *\/\n.elementor-heading-title{padding:0;margin:0;line-height:1}.elementor-widget-heading .elementor-heading-title[class*=elementor-size-]>a{color:inherit;font-size:inherit;line-height:inherit}.elementor-widget-heading .elementor-heading-title.elementor-size-small{font-size:15px}.elementor-widget-heading .elementor-heading-title.elementor-size-medium{font-size:19px}.elementor-widget-heading .elementor-heading-title.elementor-size-large{font-size:29px}.elementor-widget-heading .elementor-heading-title.elementor-size-xl{font-size:39px}.elementor-widget-heading .elementor-heading-title.elementor-size-xxl{font-size:59px}<\/style><h2 class=\"elementor-heading-title elementor-size-default\">Make Up<\/h2>\t\t<\/div>\n\t\t\t\t<\/div>\n\t\t\t\t<div class=\"elementor-element elementor-element-15c32239 elementor-widget elementor-widget-text-editor\" data-id=\"15c32239\" data-element_type=\"widget\" data-widget_type=\"text-editor.default\">\n\t\t\t\t<div class=\"elementor-widget-container\">\n\t\t\t\t\t\t\t<p style=\"text-align: center;\">Deborah Milano Make Up Academy<\/p>\t\t\t\t\t\t<\/div>\n\t\t\t\t<\/div>\n\t\t\t\t<div class=\"elementor-element elementor-element-716d24aa elementor-widget elementor-widget-premium-addon-button\" data-id=\"716d24aa\" data-element_type=\"widget\" data-widget_type=\"premium-addon-button.default\">\n\t\t\t\t<div class=\"elementor-widget-container\">\n\t\t\t\r\n\r\n\t\t<a class=\"premium-button premium-button-none premium-btn-lg premium-button-none\" href=\"https:\/\/benessere.clerici.lombardia.it\/accademia\/?elementor_library=corso-make-up\">\r\n\t\t\t<div class=\"premium-button-text-icon-wrapper\">\r\n\t\t\t\t\t\t\t\t\t\t\t\t\t\t\t\t\t<span >\r\n\t\t\t\t\tScopri il corso\t\t\t\t<\/span>\r\n\t\t\t\t\t\t\t\t\t\t\t\t\t\t\t\t\t\t\t\t\t\t<i class=\"premium-svg-nodraw premium-drawable-icon icon icon-right-arrow\" aria-hidden=\"true\"><\/i>\t\t\t\t\t\t\t\t\t\t\t\t\t\t\t\t\t\t<\/div>\r\n\t\t\t\t\t\t\t\t<\/a>\r\n\r\n\r\n\t\t\t\t<\/div>\n\t\t\t\t<\/div>\n\t\t\t\t\t<\/div>\n\t\t<\/div>\n\t\t\t\t<div class=\"elementor-column elementor-col-33 elementor-inner-column elementor-element elementor-element-1fe3d4c6\" data-id=\"1fe3d4c6\" data-element_type=\"column\">\n\t\t\t<div class=\"elementor-widget-wrap elementor-element-populated\">\n\t\t\t\t\t\t\t\t<div data-ha-element-link=\"{&quot;url&quot;:&quot;https:\\\/\\\/deborah.clerici.lombardia.it\\\/workshop-sposa\\\/&quot;,&quot;is_external&quot;:&quot;&quot;,&quot;nofollow&quot;:&quot;&quot;,&quot;custom_attributes&quot;:&quot;&quot;}\" style=\"cursor: pointer\" class=\"elementor-element elementor-element-66916749 elementor-invisible elementor-widget elementor-widget-image\" data-id=\"66916749\" data-element_type=\"widget\" data-settings=\"{&quot;_animation&quot;:&quot;fadeIn&quot;}\" data-widget_type=\"image.default\">\n\t\t\t\t<div class=\"elementor-widget-container\">\n\t\t\t\t\t\t\t\t\t\t\t\t\t\t\t\t<a href=\"https:\/\/benessere.clerici.lombardia.it\/accademia\/corso-di-microblading\/\">\n\t\t\t\t\t\t\t<img decoding=\"async\" width=\"1024\" height=\"1024\" src=\"https:\/\/benessere.clerici.lombardia.it\/accademia\/wp-content\/uploads\/2023\/02\/microblading-03-1024x1024.png\" class=\"attachment-large size-large wp-image-376\" alt=\"\" loading=\"lazy\" srcset=\"https:\/\/benessere.clerici.lombardia.it\/accademia\/wp-content\/uploads\/2023\/02\/microblading-03-1024x1024.png 1024w, https:\/\/benessere.clerici.lombardia.it\/accademia\/wp-content\/uploads\/2023\/02\/microblading-03-300x300.png 300w, https:\/\/benessere.clerici.lombardia.it\/accademia\/wp-content\/uploads\/2023\/02\/microblading-03-150x150.png 150w, https:\/\/benessere.clerici.lombardia.it\/accademia\/wp-content\/uploads\/2023\/02\/microblading-03-768x768.png 768w, https:\/\/benessere.clerici.lombardia.it\/accademia\/wp-content\/uploads\/2023\/02\/microblading-03.png 1080w\" sizes=\"(max-width: 1024px) 100vw, 1024px\" \/>\t\t\t\t\t\t\t\t<\/a>\n\t\t\t\t\t\t\t\t\t\t\t\t\t\t\t<\/div>\n\t\t\t\t<\/div>\n\t\t\t\t<div class=\"elementor-element elementor-element-253ffd4d elementor-widget elementor-widget-heading\" data-id=\"253ffd4d\" data-element_type=\"widget\" data-widget_type=\"heading.default\">\n\t\t\t\t<div class=\"elementor-widget-container\">\n\t\t\t<h2 class=\"elementor-heading-title elementor-size-default\">Microblading<\/h2>\t\t<\/div>\n\t\t\t\t<\/div>\n\t\t\t\t<div class=\"elementor-element elementor-element-6e7356d2 elementor-widget elementor-widget-text-editor\" data-id=\"6e7356d2\" data-element_type=\"widget\" data-widget_type=\"text-editor.default\">\n\t\t\t\t<div class=\"elementor-widget-container\">\n\t\t\t\t\t\t\t<p style=\"text-align: center;\">Tatuaggio semipermanente<\/p>\t\t\t\t\t\t<\/div>\n\t\t\t\t<\/div>\n\t\t\t\t<div class=\"elementor-element elementor-element-2358a055 elementor-widget elementor-widget-premium-addon-button\" data-id=\"2358a055\" data-element_type=\"widget\" data-widget_type=\"premium-addon-button.default\">\n\t\t\t\t<div class=\"elementor-widget-container\">\n\t\t\t\r\n\r\n\t\t<a class=\"premium-button premium-button-none premium-btn-lg premium-button-none\" href=\"https:\/\/benessere.clerici.lombardia.it\/accademia\/?p=599\">\r\n\t\t\t<div class=\"premium-button-text-icon-wrapper\">\r\n\t\t\t\t\t\t\t\t\t\t\t\t\t\t\t\t\t<span >\r\n\t\t\t\t\tScopri il corso\t\t\t\t<\/span>\r\n\t\t\t\t\t\t\t\t\t\t\t\t\t\t\t\t\t\t\t\t\t\t<i class=\"premium-svg-nodraw premium-drawable-icon icon icon-right-arrow\" aria-hidden=\"true\"><\/i>\t\t\t\t\t\t\t\t\t\t\t\t\t\t\t\t\t\t<\/div>\r\n\t\t\t\t\t\t\t\t<\/a>\r\n\r\n\r\n\t\t\t\t<\/div>\n\t\t\t\t<\/div>\n\t\t\t\t\t<\/div>\n\t\t<\/div>\n\t\t\t\t<div class=\"elementor-column elementor-col-33 elementor-inner-column elementor-element elementor-element-66f77662\" data-id=\"66f77662\" data-element_type=\"column\">\n\t\t\t<div class=\"elementor-widget-wrap elementor-element-populated\">\n\t\t\t\t\t\t\t\t<div class=\"elementor-element elementor-element-499264d0 elementor-invisible elementor-widget elementor-widget-image\" data-id=\"499264d0\" data-element_type=\"widget\" data-settings=\"{&quot;_animation&quot;:&quot;fadeIn&quot;}\" data-widget_type=\"image.default\">\n\t\t\t\t<div class=\"elementor-widget-container\">\n\t\t\t\t\t\t\t\t\t\t\t\t\t\t\t\t<a href=\"https:\/\/benessere.clerici.lombardia.it\/accademia\/corso-di-glow--glam\/\">\n\t\t\t\t\t\t\t<img decoding=\"async\" width=\"1024\" height=\"1024\" src=\"https:\/\/benessere.clerici.lombardia.it\/accademia\/wp-content\/uploads\/2024\/03\/cndnds-03-1024x1024.png\" class=\"attachment-large size-large wp-image-812\" alt=\"\" loading=\"lazy\" srcset=\"https:\/\/benessere.clerici.lombardia.it\/accademia\/wp-content\/uploads\/2024\/03\/cndnds-03-1024x1024.png 1024w, https:\/\/benessere.clerici.lombardia.it\/accademia\/wp-content\/uploads\/2024\/03\/cndnds-03-300x300.png 300w, https:\/\/benessere.clerici.lombardia.it\/accademia\/wp-content\/uploads\/2024\/03\/cndnds-03-150x150.png 150w, https:\/\/benessere.clerici.lombardia.it\/accademia\/wp-content\/uploads\/2024\/03\/cndnds-03-768x768.png 768w, https:\/\/benessere.clerici.lombardia.it\/accademia\/wp-content\/uploads\/2024\/03\/cndnds-03-1536x1536.png 1536w, https:\/\/benessere.clerici.lombardia.it\/accademia\/wp-content\/uploads\/2024\/03\/cndnds-03-2048x2048.png 2048w\" sizes=\"(max-width: 1024px) 100vw, 1024px\" \/>\t\t\t\t\t\t\t\t<\/a>\n\t\t\t\t\t\t\t\t\t\t\t\t\t\t\t<\/div>\n\t\t\t\t<\/div>\n\t\t\t\t<div class=\"elementor-element elementor-element-2a30ca59 elementor-widget elementor-widget-heading\" data-id=\"2a30ca59\" data-element_type=\"widget\" data-widget_type=\"heading.default\">\n\t\t\t\t<div class=\"elementor-widget-container\">\n\t\t\t<h2 class=\"elementor-heading-title elementor-size-default\">Glow & Glam<\/h2>\t\t<\/div>\n\t\t\t\t<\/div>\n\t\t\t\t<div class=\"elementor-element elementor-element-6c49bc80 elementor-widget elementor-widget-text-editor\" data-id=\"6c49bc80\" data-element_type=\"widget\" data-widget_type=\"text-editor.default\">\n\t\t\t\t<div class=\"elementor-widget-container\">\n\t\t\t\t\t\t\t<p style=\"text-align: center;\">Make-Up e Skin Care<\/p>\t\t\t\t\t\t<\/div>\n\t\t\t\t<\/div>\n\t\t\t\t<div class=\"elementor-element elementor-element-174da405 elementor-widget elementor-widget-premium-addon-button\" data-id=\"174da405\" data-element_type=\"widget\" data-widget_type=\"premium-addon-button.default\">\n\t\t\t\t<div class=\"elementor-widget-container\">\n\t\t\t\r\n\r\n\t\t<a class=\"premium-button premium-button-none premium-btn-lg premium-button-none\" href=\"https:\/\/benessere.clerici.lombardia.it\/accademia\/?p=599\">\r\n\t\t\t<div class=\"premium-button-text-icon-wrapper\">\r\n\t\t\t\t\t\t\t\t\t\t\t\t\t\t\t\t\t<span >\r\n\t\t\t\t\tScopri il corso\t\t\t\t<\/span>\r\n\t\t\t\t\t\t\t\t\t\t\t\t\t\t\t\t\t\t\t\t\t\t<i class=\"premium-svg-nodraw premium-drawable-icon icon icon-right-arrow\" aria-hidden=\"true\"><\/i>\t\t\t\t\t\t\t\t\t\t\t\t\t\t\t\t\t\t<\/div>\r\n\t\t\t\t\t\t\t\t<\/a>\r\n\r\n\r\n\t\t\t\t<\/div>\n\t\t\t\t<\/div>\n\t\t\t\t\t<\/div>\n\t\t<\/div>\n\t\t\t\t\t\t\t<\/div>\n\t\t<\/section>\n\t\t\t\t\t<\/div>\n\t\t<\/div>\n\t\t\t\t\t\t\t<\/div>\n\t\t<\/section>\n\t\t\t\t<section class=\"elementor-section elementor-top-section elementor-element elementor-element-ca8e340 elementor-section-boxed elementor-section-height-default elementor-section-height-default\" data-id=\"ca8e340\" data-element_type=\"section\" data-settings=\"{&quot;background_background&quot;:&quot;classic&quot;,&quot;_ha_eqh_enable&quot;:false}\">\n\t\t\t\t\t\t\t<div class=\"elementor-background-overlay\"><\/div>\n\t\t\t\t\t\t\t<div class=\"elementor-container elementor-column-gap-default\">\n\t\t\t\t\t<div class=\"elementor-column elementor-col-33 elementor-top-column elementor-element elementor-element-5d66c000\" data-id=\"5d66c000\" data-element_type=\"column\">\n\t\t\t<div class=\"elementor-widget-wrap elementor-element-populated\">\n\t\t\t\t\t\t\t\t<div class=\"elementor-element elementor-element-4581f282 elementor-widget elementor-widget-elementskit-heading\" data-id=\"4581f282\" data-element_type=\"widget\" data-widget_type=\"elementskit-heading.default\">\n\t\t\t\t<div class=\"elementor-widget-container\">\n\t\t\t<div class=\"ekit-wid-con\" ><div class=\"ekit-heading elementskit-section-title-wraper text_left   ekit_heading_tablet-   ekit_heading_mobile-text_center\"><h2 class=\"ekit-heading--title elementskit-section-title \">Iscriviti al corso<\/h2>\t\t\t\t<div class='ekit-heading__description'>\n\t\t\t\t\t<p><b>Contattaci e rimani informato<\/b> sulle sedi di svolgimento!<\/p>\n\t\t\t\t<\/div>\n\t\t\t<\/div><\/div>\t\t<\/div>\n\t\t\t\t<\/div>\n\t\t\t\t\t<\/div>\n\t\t<\/div>\n\t\t\t\t<div class=\"elementor-column elementor-col-33 elementor-top-column elementor-element elementor-element-459f1263\" data-id=\"459f1263\" data-element_type=\"column\">\n\t\t\t<div class=\"elementor-widget-wrap elementor-element-populated\">\n\t\t\t\t\t\t\t\t<div class=\"elementor-element elementor-element-45259a2a elementor-position-top elementor-view-default elementor-mobile-position-top elementor-vertical-align-top elementor-widget elementor-widget-icon-box\" data-id=\"45259a2a\" data-element_type=\"widget\" data-widget_type=\"icon-box.default\">\n\t\t\t\t<div class=\"elementor-widget-container\">\n\t\t\t\t\t<div class=\"elementor-icon-box-wrapper\">\n\t\t\t\t\t\t<div class=\"elementor-icon-box-icon\">\n\t\t\t\t<a class=\"elementor-icon elementor-animation-\" href=\"tel:%2002416757\">\n\t\t\t\t<i aria-hidden=\"true\" class=\"icon icon-phone-call1\"><\/i>\t\t\t\t<\/a>\n\t\t\t<\/div>\n\t\t\t\t\t\t<div class=\"elementor-icon-box-content\">\n\t\t\t\t<h4 class=\"elementor-icon-box-title\">\n\t\t\t\t\t<a href=\"tel:%2002416757\" >\n\t\t\t\t\t\t02 416757\t\t\t\t\t<\/a>\n\t\t\t\t<\/h4>\n\t\t\t\t\t\t\t<\/div>\n\t\t<\/div>\n\t\t\t\t<\/div>\n\t\t\t\t<\/div>\n\t\t\t\t\t<\/div>\n\t\t<\/div>\n\t\t\t\t<div class=\"elementor-column elementor-col-33 elementor-top-column elementor-element elementor-element-14411137\" data-id=\"14411137\" data-element_type=\"column\">\n\t\t\t<div class=\"elementor-widget-wrap elementor-element-populated\">\n\t\t\t\t\t\t\t\t<div class=\"elementor-element elementor-element-75a22e07 elementor-view-default elementor-mobile-position-top elementor-vertical-align-top elementor-widget elementor-widget-icon-box\" data-id=\"75a22e07\" data-element_type=\"widget\" data-widget_type=\"icon-box.default\">\n\t\t\t\t<div class=\"elementor-widget-container\">\n\t\t\t\t\t<div class=\"elementor-icon-box-wrapper\">\n\t\t\t\t\t\t<div class=\"elementor-icon-box-icon\">\n\t\t\t\t<a class=\"elementor-icon elementor-animation-\" href=\"mailto:%20benessere@clerici.lombardia.it\">\n\t\t\t\t<i aria-hidden=\"true\" class=\"icon icon-email\"><\/i>\t\t\t\t<\/a>\n\t\t\t<\/div>\n\t\t\t\t\t\t<div class=\"elementor-icon-box-content\">\n\t\t\t\t<h4 class=\"elementor-icon-box-title\">\n\t\t\t\t\t<a href=\"mailto:%20benessere@clerici.lombardia.it\" >\n\t\t\t\t\t\tbenessere@clerici.lombardia.it\t\t\t\t\t<\/a>\n\t\t\t\t<\/h4>\n\t\t\t\t\t\t\t<\/div>\n\t\t<\/div>\n\t\t\t\t<\/div>\n\t\t\t\t<\/div>\n\t\t\t\t\t<\/div>\n\t\t<\/div>\n\t\t\t\t\t\t\t<\/div>\n\t\t<\/section>\n\t\t\t\t\t\t\t<\/div>\n\t\t","protected":false},"excerpt":{"rendered":"<p>Accademia del Benessere MAKE-UP PRO DURATA: 36 ore FREQUENZA: 6 sabati da 6 ore ciascuno SEDE: via Montecuccoli 44, Milano (M1 &#8211; Bande Nere) REQUISITI: chiunque voglia specializzarsi nel mondo del make-up ATTESTATO: A fine corso verr\u00e0 rilasciato un attestato di frequenza MAKE-UP PRO Il corso Scopri l&#8217;arte del make-up! Con un corso intensivo di&hellip;&nbsp;<a href=\"https:\/\/benessere.clerici.lombardia.it\/accademia\/make-up-pro\/\" class=\"\" rel=\"bookmark\">Leggi tutto &raquo;<span class=\"screen-reader-text\">MAKE-UP PRO<\/span><\/a><\/p>\n","protected":false},"author":1,"featured_media":0,"parent":0,"menu_order":0,"comment_status":"closed","ping_status":"closed","template":"elementor_header_footer","meta":{"neve_meta_sidebar":"","neve_meta_container":"","neve_meta_enable_content_width":"","neve_meta_content_width":0,"neve_meta_title_alignment":"","neve_meta_author_avatar":"","neve_post_elements_order":"","neve_meta_disable_header":"","neve_meta_disable_footer":"","neve_meta_disable_title":""},"yoast_head":"<!-- This site is optimized with the Yoast SEO plugin v20.1 - https:\/\/yoast.com\/wordpress\/plugins\/seo\/ -->\r\n<title>MAKE-UP PRO - Accademia del Benessere<\/title>\r\n<meta name=\"robots\" content=\"index, follow, max-snippet:-1, max-image-preview:large, max-video-preview:-1\" \/>\r\n<link rel=\"canonical\" href=\"https:\/\/benessere.clerici.lombardia.it\/accademia\/make-up-pro\/\" \/>\r\n<meta property=\"og:locale\" content=\"it_IT\" \/>\r\n<meta property=\"og:type\" content=\"article\" \/>\r\n<meta property=\"og:title\" content=\"MAKE-UP PRO - Accademia del Benessere\" \/>\r\n<meta property=\"og:description\" content=\"Accademia del Benessere MAKE-UP PRO DURATA: 36 ore FREQUENZA: 6 sabati da 6 ore ciascuno SEDE: via Montecuccoli 44, Milano (M1 &#8211; Bande Nere) REQUISITI: chiunque voglia specializzarsi nel mondo del make-up ATTESTATO: A fine corso verr\u00e0 rilasciato un attestato di frequenza MAKE-UP PRO Il corso Scopri l&#8217;arte del make-up! Con un corso intensivo di&hellip;&nbsp;Leggi tutto &raquo;MAKE-UP PRO\" \/>\r\n<meta property=\"og:url\" content=\"https:\/\/benessere.clerici.lombardia.it\/accademia\/make-up-pro\/\" \/>\r\n<meta property=\"og:site_name\" content=\"Accademia del Benessere\" \/>\r\n<meta property=\"article:modified_time\" content=\"2024-08-29T10:12:06+00:00\" \/>\r\n<meta property=\"og:image\" content=\"https:\/\/benessere.clerici.lombardia.it\/accademia\/wp-content\/uploads\/2023\/09\/testata-renino-loghi-PNRR-1024x88.jpg\" \/>\r\n<meta name=\"twitter:card\" content=\"summary_large_image\" \/>\r\n<meta name=\"twitter:label1\" content=\"Tempo di lettura stimato\" \/>\n\t<meta name=\"twitter:data1\" content=\"4 minuti\" \/>\r\n<script type=\"application\/ld+json\" class=\"yoast-schema-graph\">{\"@context\":\"https:\/\/schema.org\",\"@graph\":[{\"@type\":\"WebPage\",\"@id\":\"https:\/\/benessere.clerici.lombardia.it\/accademia\/make-up-pro\/\",\"url\":\"https:\/\/benessere.clerici.lombardia.it\/accademia\/make-up-pro\/\",\"name\":\"MAKE-UP PRO - Accademia del Benessere\",\"isPartOf\":{\"@id\":\"https:\/\/benessere.clerici.lombardia.it\/accademia\/#website\"},\"datePublished\":\"2024-07-10T13:59:39+00:00\",\"dateModified\":\"2024-08-29T10:12:06+00:00\",\"breadcrumb\":{\"@id\":\"https:\/\/benessere.clerici.lombardia.it\/accademia\/make-up-pro\/#breadcrumb\"},\"inLanguage\":\"it-IT\",\"potentialAction\":[{\"@type\":\"ReadAction\",\"target\":[\"https:\/\/benessere.clerici.lombardia.it\/accademia\/make-up-pro\/\"]}]},{\"@type\":\"BreadcrumbList\",\"@id\":\"https:\/\/benessere.clerici.lombardia.it\/accademia\/make-up-pro\/#breadcrumb\",\"itemListElement\":[{\"@type\":\"ListItem\",\"position\":1,\"name\":\"Home\",\"item\":\"https:\/\/benessere.clerici.lombardia.it\/accademia\/\"},{\"@type\":\"ListItem\",\"position\":2,\"name\":\"MAKE-UP PRO\"}]},{\"@type\":\"WebSite\",\"@id\":\"https:\/\/benessere.clerici.lombardia.it\/accademia\/#website\",\"url\":\"https:\/\/benessere.clerici.lombardia.it\/accademia\/\",\"name\":\"Accademia del Benessere\",\"description\":\"\",\"publisher\":{\"@id\":\"https:\/\/benessere.clerici.lombardia.it\/accademia\/#organization\"},\"potentialAction\":[{\"@type\":\"SearchAction\",\"target\":{\"@type\":\"EntryPoint\",\"urlTemplate\":\"https:\/\/benessere.clerici.lombardia.it\/accademia\/?s={search_term_string}\"},\"query-input\":\"required name=search_term_string\"}],\"inLanguage\":\"it-IT\"},{\"@type\":\"Organization\",\"@id\":\"https:\/\/benessere.clerici.lombardia.it\/accademia\/#organization\",\"name\":\"Accademia del Benessere\",\"url\":\"https:\/\/benessere.clerici.lombardia.it\/accademia\/\",\"logo\":{\"@type\":\"ImageObject\",\"inLanguage\":\"it-IT\",\"@id\":\"https:\/\/benessere.clerici.lombardia.it\/accademia\/#\/schema\/logo\/image\/\",\"url\":\"https:\/\/benessere.clerici.lombardia.it\/accademia\/wp-content\/uploads\/2023\/02\/logo_Accademia-del-Benessere.png\",\"contentUrl\":\"https:\/\/benessere.clerici.lombardia.it\/accademia\/wp-content\/uploads\/2023\/02\/logo_Accademia-del-Benessere.png\",\"width\":502,\"height\":87,\"caption\":\"Accademia del Benessere\"},\"image\":{\"@id\":\"https:\/\/benessere.clerici.lombardia.it\/accademia\/#\/schema\/logo\/image\/\"}}]}<\/script>\r\n<!-- \/ Yoast SEO plugin. -->","yoast_head_json":{"title":"MAKE-UP PRO - Accademia del Benessere","robots":{"index":"index","follow":"follow","max-snippet":"max-snippet:-1","max-image-preview":"max-image-preview:large","max-video-preview":"max-video-preview:-1"},"canonical":"https:\/\/benessere.clerici.lombardia.it\/accademia\/make-up-pro\/","og_locale":"it_IT","og_type":"article","og_title":"MAKE-UP PRO - Accademia del Benessere","og_description":"Accademia del Benessere MAKE-UP PRO DURATA: 36 ore FREQUENZA: 6 sabati da 6 ore ciascuno SEDE: via Montecuccoli 44, Milano (M1 &#8211; Bande Nere) REQUISITI: chiunque voglia specializzarsi nel mondo del make-up ATTESTATO: A fine corso verr\u00e0 rilasciato un attestato di frequenza MAKE-UP PRO Il corso Scopri l&#8217;arte del make-up! Con un corso intensivo di&hellip;&nbsp;Leggi tutto &raquo;MAKE-UP PRO","og_url":"https:\/\/benessere.clerici.lombardia.it\/accademia\/make-up-pro\/","og_site_name":"Accademia del Benessere","article_modified_time":"2024-08-29T10:12:06+00:00","og_image":[{"url":"https:\/\/benessere.clerici.lombardia.it\/accademia\/wp-content\/uploads\/2023\/09\/testata-renino-loghi-PNRR-1024x88.jpg"}],"twitter_card":"summary_large_image","twitter_misc":{"Tempo di lettura stimato":"4 minuti"},"schema":{"@context":"https:\/\/schema.org","@graph":[{"@type":"WebPage","@id":"https:\/\/benessere.clerici.lombardia.it\/accademia\/make-up-pro\/","url":"https:\/\/benessere.clerici.lombardia.it\/accademia\/make-up-pro\/","name":"MAKE-UP PRO - Accademia del Benessere","isPartOf":{"@id":"https:\/\/benessere.clerici.lombardia.it\/accademia\/#website"},"datePublished":"2024-07-10T13:59:39+00:00","dateModified":"2024-08-29T10:12:06+00:00","breadcrumb":{"@id":"https:\/\/benessere.clerici.lombardia.it\/accademia\/make-up-pro\/#breadcrumb"},"inLanguage":"it-IT","potentialAction":[{"@type":"ReadAction","target":["https:\/\/benessere.clerici.lombardia.it\/accademia\/make-up-pro\/"]}]},{"@type":"BreadcrumbList","@id":"https:\/\/benessere.clerici.lombardia.it\/accademia\/make-up-pro\/#breadcrumb","itemListElement":[{"@type":"ListItem","position":1,"name":"Home","item":"https:\/\/benessere.clerici.lombardia.it\/accademia\/"},{"@type":"ListItem","position":2,"name":"MAKE-UP PRO"}]},{"@type":"WebSite","@id":"https:\/\/benessere.clerici.lombardia.it\/accademia\/#website","url":"https:\/\/benessere.clerici.lombardia.it\/accademia\/","name":"Accademia del Benessere","description":"","publisher":{"@id":"https:\/\/benessere.clerici.lombardia.it\/accademia\/#organization"},"potentialAction":[{"@type":"SearchAction","target":{"@type":"EntryPoint","urlTemplate":"https:\/\/benessere.clerici.lombardia.it\/accademia\/?s={search_term_string}"},"query-input":"required name=search_term_string"}],"inLanguage":"it-IT"},{"@type":"Organization","@id":"https:\/\/benessere.clerici.lombardia.it\/accademia\/#organization","name":"Accademia del Benessere","url":"https:\/\/benessere.clerici.lombardia.it\/accademia\/","logo":{"@type":"ImageObject","inLanguage":"it-IT","@id":"https:\/\/benessere.clerici.lombardia.it\/accademia\/#\/schema\/logo\/image\/","url":"https:\/\/benessere.clerici.lombardia.it\/accademia\/wp-content\/uploads\/2023\/02\/logo_Accademia-del-Benessere.png","contentUrl":"https:\/\/benessere.clerici.lombardia.it\/accademia\/wp-content\/uploads\/2023\/02\/logo_Accademia-del-Benessere.png","width":502,"height":87,"caption":"Accademia del Benessere"},"image":{"@id":"https:\/\/benessere.clerici.lombardia.it\/accademia\/#\/schema\/logo\/image\/"}}]}},"_links":{"self":[{"href":"https:\/\/benessere.clerici.lombardia.it\/accademia\/wp-json\/wp\/v2\/pages\/908"}],"collection":[{"href":"https:\/\/benessere.clerici.lombardia.it\/accademia\/wp-json\/wp\/v2\/pages"}],"about":[{"href":"https:\/\/benessere.clerici.lombardia.it\/accademia\/wp-json\/wp\/v2\/types\/page"}],"author":[{"embeddable":true,"href":"https:\/\/benessere.clerici.lombardia.it\/accademia\/wp-json\/wp\/v2\/users\/1"}],"replies":[{"embeddable":true,"href":"https:\/\/benessere.clerici.lombardia.it\/accademia\/wp-json\/wp\/v2\/comments?post=908"}],"version-history":[{"count":27,"href":"https:\/\/benessere.clerici.lombardia.it\/accademia\/wp-json\/wp\/v2\/pages\/908\/revisions"}],"predecessor-version":[{"id":959,"href":"https:\/\/benessere.clerici.lombardia.it\/accademia\/wp-json\/wp\/v2\/pages\/908\/revisions\/959"}],"wp:attachment":[{"href":"https:\/\/benessere.clerici.lombardia.it\/accademia\/wp-json\/wp\/v2\/media?parent=908"}],"curies":[{"name":"wp","href":"https:\/\/api.w.org\/{rel}","templated":true}]}}