{"id":3,"date":"2023-02-03T15:17:47","date_gmt":"2023-02-03T14:17:47","guid":{"rendered":"https:\/\/benessere.clerici.lombardia.it\/accademia\/?page_id=3"},"modified":"2023-02-13T11:11:55","modified_gmt":"2023-02-13T10:11:55","slug":"privacy-policy","status":"publish","type":"page","link":"https:\/\/benessere.clerici.lombardia.it\/accademia\/privacy-policy\/","title":{"rendered":"Privacy Policy"},"content":{"rendered":"\t\t<div data-elementor-type=\"wp-page\" data-elementor-id=\"3\" class=\"elementor elementor-3\">\n\t\t\t\t\t\t\t\t\t<section class=\"elementor-section elementor-top-section elementor-element elementor-element-7edc5d44 elementor-section-height-min-height elementor-section-stretched elementor-section-boxed elementor-section-height-default elementor-section-items-middle\" data-id=\"7edc5d44\" data-element_type=\"section\" data-settings=\"{&quot;background_background&quot;:&quot;classic&quot;,&quot;stretch_section&quot;:&quot;section-stretched&quot;,&quot;_ha_eqh_enable&quot;:false}\">\n\t\t\t\t\t\t\t<div class=\"elementor-background-overlay\"><\/div>\n\t\t\t\t\t\t\t<div class=\"elementor-container elementor-column-gap-default\">\n\t\t\t\t\t<div class=\"elementor-column elementor-col-50 elementor-top-column elementor-element elementor-element-3338773\" data-id=\"3338773\" data-element_type=\"column\">\n\t\t\t<div class=\"elementor-widget-wrap elementor-element-populated\">\n\t\t\t\t\t\t\t\t<div class=\"elementor-element elementor-element-20cb053b elementor-widget elementor-widget-elementskit-heading\" data-id=\"20cb053b\" data-element_type=\"widget\" data-widget_type=\"elementskit-heading.default\">\n\t\t\t\t<div class=\"elementor-widget-container\">\n\t\t\t<div class=\"ekit-wid-con\" ><div class=\"ekit-heading elementskit-section-title-wraper text_left   ekit_heading_tablet-   ekit_heading_mobile-\"><h2 class=\"ekit-heading--title elementskit-section-title \">PRIVACY<\/h2><\/div><\/div>\t\t<\/div>\n\t\t\t\t<\/div>\n\t\t\t\t\t<\/div>\n\t\t<\/div>\n\t\t\t\t<div class=\"elementor-column elementor-col-50 elementor-top-column elementor-element elementor-element-188f2143\" data-id=\"188f2143\" data-element_type=\"column\">\n\t\t\t<div class=\"elementor-widget-wrap\">\n\t\t\t\t\t\t\t\t\t<\/div>\n\t\t<\/div>\n\t\t\t\t\t\t\t<\/div>\n\t\t<\/section>\n\t\t\t\t<section class=\"elementor-section elementor-top-section elementor-element elementor-element-70ff0507 elementor-section-boxed elementor-section-height-default elementor-section-height-default\" data-id=\"70ff0507\" data-element_type=\"section\" data-settings=\"{&quot;_ha_eqh_enable&quot;:false}\">\n\t\t\t\t\t\t<div class=\"elementor-container elementor-column-gap-default\">\n\t\t\t\t\t<div class=\"elementor-column elementor-col-100 elementor-top-column elementor-element elementor-element-32d9d643\" data-id=\"32d9d643\" data-element_type=\"column\">\n\t\t\t<div class=\"elementor-widget-wrap elementor-element-populated\">\n\t\t\t\t\t\t\t\t<div class=\"elementor-element elementor-element-4074d41 elementor-widget elementor-widget-elementskit-heading\" data-id=\"4074d41\" data-element_type=\"widget\" data-widget_type=\"elementskit-heading.default\">\n\t\t\t\t<div class=\"elementor-widget-container\">\n\t\t\t<div class=\"ekit-wid-con\" ><div class=\"ekit-heading elementskit-section-title-wraper text_left   ekit_heading_tablet-   ekit_heading_mobile-\"><h3 class=\"elementskit-section-subtitle  elementskit-style-border\">\n\t\t\t\t\t\tINFORMATIVA PRIVACY\n\t\t\t\t\t<\/h3><h2 class=\"ekit-heading--title elementskit-section-title \">TRATTAMENTO DEI DATI PERSONALI<\/h2>\t\t\t\t<div class='ekit-heading__description'>\n\t\t\t\t\t<h6><strong>(Regolamento UE n. 679\/2016 \u2013 D. Lgs. n. 196 del 2003)<\/strong><\/h6>\n<p>Con la presente Informativa sul trattamento dei dati personali, redatta ai sensi del Regolamento UE n. 679 del 27 aprile 2016 (di seguito \u201cGDPR\u201d) e del D. Lgs. n. 196\/2003 (laddove applicabile), Fondazione Luigi Clerici (di seguito \u201cla Fondazione\u201d) intende rendere noti a tutti i destinatari a cui si rivolge (Dipendenti, Collaboratori, Fornitori, Allievi, Enti e Partners, Aziende, soggetti esterni che a qualsiasi titolo entrino in contatto con quest\u2019ultima), i mezzi, le modalit\u00e0, le finalit\u00e0 e le garanzie di protezione dei dati personali trattati.<\/p>\n\t\t\t\t<\/div>\n\t\t\t<\/div><\/div>\t\t<\/div>\n\t\t\t\t<\/div>\n\t\t\t\t<div class=\"elementor-element elementor-element-4cefe9e1 elementor-widget elementor-widget-elementskit-heading\" data-id=\"4cefe9e1\" data-element_type=\"widget\" data-widget_type=\"elementskit-heading.default\">\n\t\t\t\t<div class=\"elementor-widget-container\">\n\t\t\t<div class=\"ekit-wid-con\" ><div class=\"ekit-heading elementskit-section-title-wraper text_left   ekit_heading_tablet-   ekit_heading_mobile-\"><h3 class=\"elementskit-section-subtitle  elementskit-style-border\">\n\t\t\t\t\t\tINFORMATIVA PRIVACY\n\t\t\t\t\t<\/h3><h2 class=\"ekit-heading--title elementskit-section-title \">QUALI SONO I DATI PERSONALI TRATTATI DALLA FONDAZIONE?<\/h2>\t\t\t\t<div class='ekit-heading__description'>\n\t\t\t\t\t<p>Per dato personale si intende\u00a0qualsiasi informazione riguardante una persona fisica o giuridica identificata o identificabile (di seguito \u201cinteressato\u201d). I dati personali trattati dalla Fondazione sono quelli forniti dagli interessati su base volontaria ed esplicita, a seconda delle finalit\u00e0 per cui sono stati richiesti.<br \/>Ad esempio, nel caso della persona fisica sono dati personali: il nome ed il cognome, il codice fiscale, l\u2019indirizzo IP, la data e il luogo di nascita (ecc.); nel caso della persona giuridica: la denominazione sociale, il codice fiscale, l\u2019ubicazione (ecc.).<\/p>\n\t\t\t\t<\/div>\n\t\t\t<\/div><\/div>\t\t<\/div>\n\t\t\t\t<\/div>\n\t\t\t\t<div class=\"elementor-element elementor-element-1158d56d elementor-widget elementor-widget-elementskit-heading\" data-id=\"1158d56d\" data-element_type=\"widget\" data-widget_type=\"elementskit-heading.default\">\n\t\t\t\t<div class=\"elementor-widget-container\">\n\t\t\t<div class=\"ekit-wid-con\" ><div class=\"ekit-heading elementskit-section-title-wraper text_left   ekit_heading_tablet-   ekit_heading_mobile-\"><h3 class=\"elementskit-section-subtitle  elementskit-style-border\">\n\t\t\t\t\t\tINFORMATIVA PRIVACY\n\t\t\t\t\t<\/h3><h2 class=\"ekit-heading--title elementskit-section-title \">CHI E\u2019 IL TITOLARE DEL TRATTAMENTO?<\/h2>\t\t\t\t<div class='ekit-heading__description'>\n\t\t\t\t\t<p>Titolare del trattamento dei dati personali \u00e8 Fondazione Luigi Clerici (C.F. 80037690155), con sede legale in Via Montecuccoli n. 44\/2 - 20147 Milano.<\/p>\n\t\t\t\t<\/div>\n\t\t\t<\/div><\/div>\t\t<\/div>\n\t\t\t\t<\/div>\n\t\t\t\t<div class=\"elementor-element elementor-element-759b413a elementor-widget elementor-widget-elementskit-heading\" data-id=\"759b413a\" data-element_type=\"widget\" data-widget_type=\"elementskit-heading.default\">\n\t\t\t\t<div class=\"elementor-widget-container\">\n\t\t\t<div class=\"ekit-wid-con\" ><div class=\"ekit-heading elementskit-section-title-wraper text_left   ekit_heading_tablet-   ekit_heading_mobile-\"><h3 class=\"elementskit-section-subtitle  elementskit-style-border\">\n\t\t\t\t\t\tINFORMATIVA PRIVACY\n\t\t\t\t\t<\/h3><h2 class=\"ekit-heading--title elementskit-section-title \">LA NOSTRA POLICY IN MATERIA DI PROTEZIONE DEI DATI PERSONALI<\/h2>\t\t\t\t<div class='ekit-heading__description'>\n\t\t\t\t\t<p>La Fondazione ha implementato una policy per la protezione dei dati personali di tutti i soggetti che a qualsiasi titolo debbano essere trattati per le finalit\u00e0 di seguito specificate, nel rispetto dei principi stabiliti dal <em>GDPR, dalla normativa vigente in materia (D. Lgs. 196\/2003)<\/em> e in conformit\u00e0 ai documenti interni di Ente redatti in tema di Privacy.<br \/>\nLa presente Informativa \u00e8 periodicamente aggiornata e tenuta costantemente in linea con la normativa in vigore.<br \/>\nQuesto documento \u00e8 accessibile sul sito ufficiale della <a href=\"http:\/\/www.clerici.lombardia.it\/privacy\">Fondazione Luigi Clerici.<\/a><\/p>\n\t\t\t\t<\/div>\n\t\t\t<\/div><\/div>\t\t<\/div>\n\t\t\t\t<\/div>\n\t\t\t\t<div class=\"elementor-element elementor-element-491492e2 elementor-widget elementor-widget-elementskit-heading\" data-id=\"491492e2\" data-element_type=\"widget\" data-widget_type=\"elementskit-heading.default\">\n\t\t\t\t<div class=\"elementor-widget-container\">\n\t\t\t<div class=\"ekit-wid-con\" ><div class=\"ekit-heading elementskit-section-title-wraper text_left   ekit_heading_tablet-   ekit_heading_mobile-\"><h3 class=\"elementskit-section-subtitle  elementskit-style-border\">\n\t\t\t\t\t\tINFORMATIVA PRIVACY\n\t\t\t\t\t<\/h3><h2 class=\"ekit-heading--title elementskit-section-title \">QUALI SONO LE FINALITA\u2019 DEL TRATTAMENTO DEI DATI?<\/h2>\t\t\t\t<div class='ekit-heading__description'>\n\t\t\t\t\t<p>I dati personali raccolti vengono utilizzati esclusivamente per le finalit\u00e0 per le quali sono stati richiesti, ossia:<\/p>\n<p>- per poter fornire i servizi richiesti. Ad esempio, nel caso degli Allievi, i dati personali vengono raccolti ai fini dell\u2019iscrizione ai corsi di formazione professionale e alla partecipazione a tutte le attivit\u00e0 didattiche connesse (ivi inclusi i percorsi di stage) erogati dalla Fondazione;<\/p>\n<p>-per adempiere agli obblighi contabili, contributivi, previdenziali, e agli altri adempimenti previsti dalla Legge (nel caso, ad esempio, dei Dipendenti, dei Collaboratori e dei Fornitori);<\/p>\n<p>-per permettere la corretta esecuzione delle obbligazioni contrattuali assunte dalla Fondazione, nonch\u00e9 di tutti gli adempimenti contabili e fiscali conseguenti, previsti dalla normativa vigente;<\/p>\n<p>-per consentire l\u2019invio di eventuale materiale pubblicitario di vario genere;<\/p>\n<p>-per permettere l\u2019eventuale invio della newsletter;<\/p>\n<p>-per finalit\u00e0 di profilazione, a seguito di uno specifico consenso dell\u2019interessato, ad esempio per accedere ai percorsi formativi che si effettuano online (i cosiddetti corsi FAD \u201c<em>formazione a distanza<\/em>\u201d) o per usufruire dei servizi offerti dalla Fondazione per i soggetti in cerca di occupazione;<\/p>\n<p>-per migliorare l\u2019efficacia e l\u2019efficienza dei servizi della Fondazione;<\/p>\n<p>-per ottemperare ad eventuali obblighi di Legge e regolamentari;<\/p>\n<p>-per far valere e difendere i propri diritti, anche attraverso terze parti.<\/p>\n\t\t\t\t<\/div>\n\t\t\t<\/div><\/div>\t\t<\/div>\n\t\t\t\t<\/div>\n\t\t\t\t<div class=\"elementor-element elementor-element-594e48b8 elementor-widget elementor-widget-elementskit-heading\" data-id=\"594e48b8\" data-element_type=\"widget\" data-widget_type=\"elementskit-heading.default\">\n\t\t\t\t<div class=\"elementor-widget-container\">\n\t\t\t<div class=\"ekit-wid-con\" ><div class=\"ekit-heading elementskit-section-title-wraper text_left   ekit_heading_tablet-   ekit_heading_mobile-\"><h3 class=\"elementskit-section-subtitle  elementskit-style-border\">\n\t\t\t\t\t\tINFORMATIVA PRIVACY\n\t\t\t\t\t<\/h3><h2 class=\"ekit-heading--title elementskit-section-title \">COSA SONO I COOKIE<\/h2>\t\t\t\t<div class='ekit-heading__description'>\n\t\t\t\t\t<p>I Cookie sono dei piccoli files di dati che vengono memorizzati nel computer dell'utente quando accede ad un sito o a parti di questo. I cookies aiutano a comprendere le preferenze degli utenti, ad analizzare le visite e a migliorare i contenuti presenti sul sito.<\/p>\n\t\t\t\t<\/div>\n\t\t\t<\/div><\/div>\t\t<\/div>\n\t\t\t\t<\/div>\n\t\t\t\t<div class=\"elementor-element elementor-element-2b050c7a elementor-widget elementor-widget-elementskit-heading\" data-id=\"2b050c7a\" data-element_type=\"widget\" data-widget_type=\"elementskit-heading.default\">\n\t\t\t\t<div class=\"elementor-widget-container\">\n\t\t\t<div class=\"ekit-wid-con\" ><div class=\"ekit-heading elementskit-section-title-wraper text_left   ekit_heading_tablet-   ekit_heading_mobile-\"><h3 class=\"elementskit-section-subtitle  elementskit-style-border\">\n\t\t\t\t\t\tINFORMATIVA PRIVACY\n\t\t\t\t\t<\/h3><h2 class=\"ekit-heading--title elementskit-section-title \">ELIMINARE I COOKIE<\/h2>\t\t\t\t<div class='ekit-heading__description'>\n\t\t\t\t\t<p>E' possibile disattivare tutti i cookie, sia di questo sito che di terze parti, modificando le impostazioni del proprio browser. Ogni browser dispone di impostazioni diverse per la disattivazione dei cookie; di seguito le istruzioni per i browser pi\u00f9 utilizzati:<\/p>\n<ul class=\"disc\">\n<li><a href=\"http:\/\/windows.microsoft.com\/it-it\/windows7\/block-enable-or-allow-cookies\" target=\"_blank\" rel=\"noopener noreferrer\">Internet Explorer<\/a><\/li>\n<li><a href=\"https:\/\/support.google.com\/accounts\/answer\/61416?hl=it\" target=\"_blank\" rel=\"noopener noreferrer\">Google Chrome<\/a><\/li>\n<li><a href=\"https:\/\/support.mozilla.org\/it\/kb\/Attivare%20e%20disattivare%20i%20cookie\" target=\"_blank\" rel=\"noopener noreferrer\">Firefox<\/a><\/li>\n<li><a href=\"https:\/\/support.apple.com\/kb\/PH19214?locale=it_IT\" target=\"_blank\" rel=\"noopener noreferrer\">Safari<\/a><\/li>\n<\/ul>\n<p>\u00a0<\/p>\n\t\t\t\t<\/div>\n\t\t\t<\/div><\/div>\t\t<\/div>\n\t\t\t\t<\/div>\n\t\t\t\t<div class=\"elementor-element elementor-element-1051c7c3 elementor-widget elementor-widget-elementskit-heading\" data-id=\"1051c7c3\" data-element_type=\"widget\" data-widget_type=\"elementskit-heading.default\">\n\t\t\t\t<div class=\"elementor-widget-container\">\n\t\t\t<div class=\"ekit-wid-con\" ><div class=\"ekit-heading elementskit-section-title-wraper text_left   ekit_heading_tablet-   ekit_heading_mobile-\"><h3 class=\"elementskit-section-subtitle  elementskit-style-border\">\n\t\t\t\t\t\tINFORMATIVA PRIVACY\n\t\t\t\t\t<\/h3><h2 class=\"ekit-heading--title elementskit-section-title \">I COOKIE UTILIZZATI DA NOI<\/h2>\t\t\t\t<div class='ekit-heading__description'>\n\t\t\t\t\t<ul class=\"disc\">\n<li>\n<p><strong>Cookie tecnici:<\/strong><br \/>Indispensabili per il corretto funzionamento del sito.<br \/>Tutte le informazioni raccolte da questi cookie sono anonime e non collegate ai dati personali dell'utente.<\/p>\n<p><strong>Cookie di terze parti:<\/strong><br \/>Sui cookie di terze parte la Fondazione Luigi Clerici\u00a0non ha il controllo delle informazioni fornite dal cookie e non ha accesso a tali dati. Queste informazioni sono controllate totalmente dalle societ\u00e0 terze secondo quanto descritto nelle rispettive privacy policy.<br \/>I servizi di terze parti che utilizziamo per questa finalit\u00e0 (Google analytics e Interazione con social network) rendono anonimi e non riconducibili a singoli<\/p>\n<\/li>\n<\/ul>\n\t\t\t\t<\/div>\n\t\t\t<\/div><\/div>\t\t<\/div>\n\t\t\t\t<\/div>\n\t\t\t\t<div class=\"elementor-element elementor-element-6f9405f3 elementor-widget elementor-widget-elementskit-heading\" data-id=\"6f9405f3\" data-element_type=\"widget\" data-widget_type=\"elementskit-heading.default\">\n\t\t\t\t<div class=\"elementor-widget-container\">\n\t\t\t<div class=\"ekit-wid-con\" ><div class=\"ekit-heading elementskit-section-title-wraper text_left   ekit_heading_tablet-   ekit_heading_mobile-\"><h3 class=\"elementskit-section-subtitle  elementskit-style-border\">\n\t\t\t\t\t\tINFORMATIVA PRIVACY\n\t\t\t\t\t<\/h3><h2 class=\"ekit-heading--title elementskit-section-title \">QUAL E' LA BASE GIURIDICA DEL TRATTAMENTO DEI DATI?<\/h2>\t\t\t\t<div class='ekit-heading__description'>\n\t\t\t\t\t<ul class=\"disc\">\n<li>\n<p>Il trattamento dei dati per le finalit\u00e0 precedentemente indicate \u00e8 obbligatorio, in quanto indispensabile ai fini della fruizione dei servizi richiesti dall\u2019interessato.<\/p>\n<p>L\u2019interessato \u00e8 comunque libero di non fornire i dati richiesti e\/o di opporsi al trattamento degli stessi; in tal caso non potr\u00e0 usufruire dei servizi erogati dalla Fondazione.<\/p>\n<\/li>\n<\/ul>\n\t\t\t\t<\/div>\n\t\t\t<\/div><\/div>\t\t<\/div>\n\t\t\t\t<\/div>\n\t\t\t\t<div class=\"elementor-element elementor-element-3e126a2e elementor-widget elementor-widget-elementskit-heading\" data-id=\"3e126a2e\" data-element_type=\"widget\" data-widget_type=\"elementskit-heading.default\">\n\t\t\t\t<div class=\"elementor-widget-container\">\n\t\t\t<div class=\"ekit-wid-con\" ><div class=\"ekit-heading elementskit-section-title-wraper text_left   ekit_heading_tablet-   ekit_heading_mobile-\"><h3 class=\"elementskit-section-subtitle  elementskit-style-border\">\n\t\t\t\t\t\tINFORMATIVA PRIVACY\n\t\t\t\t\t<\/h3><h2 class=\"ekit-heading--title elementskit-section-title \">COME E DA QUALI SOGGETTI DELLA FONDAZIONE VENGONO TRATTATI I DATI PERSONALI?<\/h2>\t\t\t\t<div class='ekit-heading__description'>\n\t\t\t\t\t<ul class=\"disc\">\n<li>\n<p>I dati personali acquisiti vengono trattati, da parte di soggetti della Fondazione adeguatamente identificati ed istruiti per la tutela della privacy degli interessati, mediante supporti sia cartacei che elettronici e telematici, eventualmente organizzati in forma di banche dati o archivi, e comporter\u00e0, ove necessario, l\u2019uso di comunicazioni postali, telefoniche e telematiche.<br \/>La Fondazione adotta specifiche misure tecniche ed organizzative al fine di proteggere i dati personali dai rischi, come ad esempio la perdita dei dati, eventuali usi illeciti o non corretti, accessi non autorizzati.<br \/>I dati personali raccolti vengono trattati dalle categorie di soggetti incaricati dalla Fondazione, per cui si rende necessario eseguire delle attivit\u00e0 funzionali per l\u2019erogazione dei servizi richiesti. Ad esempio, nel caso degli Allievi, i dati personali vengono trattati dal personale amministrativo, dal corpo docenti, ed eventualmente dagli amministratori di sistema, dai tecnici informatici (a titolo esemplificativo e non esaustivo).<\/p>\n<\/li>\n<\/ul>\n\t\t\t\t<\/div>\n\t\t\t<\/div><\/div>\t\t<\/div>\n\t\t\t\t<\/div>\n\t\t\t\t<div class=\"elementor-element elementor-element-30a803ed elementor-widget elementor-widget-elementskit-heading\" data-id=\"30a803ed\" data-element_type=\"widget\" data-widget_type=\"elementskit-heading.default\">\n\t\t\t\t<div class=\"elementor-widget-container\">\n\t\t\t<div class=\"ekit-wid-con\" ><div class=\"ekit-heading elementskit-section-title-wraper text_left   ekit_heading_tablet-   ekit_heading_mobile-\"><h3 class=\"elementskit-section-subtitle  elementskit-style-border\">\n\t\t\t\t\t\tINFORMATIVA PRIVACY\n\t\t\t\t\t<\/h3><h2 class=\"ekit-heading--title elementskit-section-title \">QUAL E\u2019 L\u2019AMBITO DI COMUNICAZIONE E DIFFUSIONE DEI DATI PERSONALI TRATTATI?<\/h2>\t\t\t\t<div class='ekit-heading__description'>\n\t\t\t\t\t<p>Per le finalit\u00e0 su indicate, la Fondazione potr\u00e0 comunicare i dati personali trattati a soggetti terzi che svolgono attivit\u00e0 funzionali alla gestione ed erogazione dei servizi in capo alla Fondazione, ed in particolare alle seguenti categorie di soggetti situati all\u2019interno dell\u2019Unione Europea:<\/p>\n<p>-Enti, societ\u00e0, soggetti che intrattengono con la Fondazione rapporti di supporto al perseguimento di finalit\u00e0 statutarie per attivit\u00e0 istituzionali e di organizzazione, gestione, pubblicit\u00e0, sponsorizzazione di eventi, servizi di vario genere correlati ad eventi di ogni tipo promossi dalla Fondazione;<\/p>\n<p>-fornitori di servizi di assistenza, consulenza fiscale, legale;<\/p>\n<p>-fornitori di servizi informatici e di elaborazione dati;<\/p>\n<p>-soggetti ed autorit\u00e0 il cui diritto di accesso ai dati \u00e8 espressamente riconosciuto dalla Legge, da regolamenti o da provvedimenti emanati dalle competenti autorit\u00e0;<\/p>\n<p>-Aziende e societ\u00e0 presso cui gli Allievi svolgono i tirocini;<\/p>\n<p>-Societ\u00e0 finanziarie, istituti Bancari (per ragioni contabili o di controllo);<\/p>\n<p>-Enti finanziatori di progetti di cui \u00e8 parte la Fondazione;<\/p>\n<p>-societ\u00e0 di servizi assicurativi.<\/p>\n<p>La Fondazione, in qualit\u00e0 di Titolare del trattamento, potr\u00e0 comunicare i dati personali per le finalit\u00e0 stabilite dalla normativa vigente e per quelle specificate nella presente informativa, senza la necessit\u00e0 di un espresso consenso, alle Autorit\u00e0 Pubbliche per l\u2019esecuzione dei loro compiti, ai sensi dell\u2019art. 6 del GDPR.<\/p>\n\t\t\t\t<\/div>\n\t\t\t<\/div><\/div>\t\t<\/div>\n\t\t\t\t<\/div>\n\t\t\t\t<div class=\"elementor-element elementor-element-31c6b1de elementor-widget elementor-widget-elementskit-heading\" data-id=\"31c6b1de\" data-element_type=\"widget\" data-widget_type=\"elementskit-heading.default\">\n\t\t\t\t<div class=\"elementor-widget-container\">\n\t\t\t<div class=\"ekit-wid-con\" ><div class=\"ekit-heading elementskit-section-title-wraper text_left   ekit_heading_tablet-   ekit_heading_mobile-\"><h3 class=\"elementskit-section-subtitle  elementskit-style-border\">\n\t\t\t\t\t\tINFORMATIVA PRIVACY\n\t\t\t\t\t<\/h3><h2 class=\"ekit-heading--title elementskit-section-title \">I DATI TRATTATI SARANNO TRASFERITI ALL\u2019ESTERO?<\/h2>\t\t\t\t<div class='ekit-heading__description'>\n\t\t\t\t\t<p>I dati trattati potranno essere liberamente trasferiti al di fuori del territorio nazionale, a paesi situati nell\u2019Unione Europea.<br \/>L\u2019eventuale trasferimento di dati personali al di fuori dell\u2019Unione Europea avverr\u00e0, in casi eccezionali (come ad esempio vacanze studio o esperienze formative degli Allievi), nel pieno rispetto delle garanzie appropriate ed opportune adottate dalla Fondazione, ed in ottemperanza al GDPR e alla normativa vigente.<\/p>\n\t\t\t\t<\/div>\n\t\t\t<\/div><\/div>\t\t<\/div>\n\t\t\t\t<\/div>\n\t\t\t\t<div class=\"elementor-element elementor-element-18af9cce elementor-widget elementor-widget-elementskit-heading\" data-id=\"18af9cce\" data-element_type=\"widget\" data-widget_type=\"elementskit-heading.default\">\n\t\t\t\t<div class=\"elementor-widget-container\">\n\t\t\t<div class=\"ekit-wid-con\" ><div class=\"ekit-heading elementskit-section-title-wraper text_left   ekit_heading_tablet-   ekit_heading_mobile-\"><h3 class=\"elementskit-section-subtitle  elementskit-style-border\">\n\t\t\t\t\t\tINFORMATIVA PRIVACY\n\t\t\t\t\t<\/h3><h2 class=\"ekit-heading--title elementskit-section-title \">COME AVVIENE IL TRATTAMENTO DEI DATI DURANTE LA NAVIGAZIONE SUI SITI DELLA FONDAZIONE?<\/h2>\t\t\t\t<div class='ekit-heading__description'>\n\t\t\t\t\t<p>Quando si utilizzano i Siti della Fondazione o ci si avvale dei servizi connessi vengono raccolte delle informazioni personali, ossia:<\/p>\n<p><span style=\"text-decoration: underline\"><strong>Informazioni raccolte automaticamente<br \/><\/strong><\/span>Alcuni dati personali e non personali pervengono automaticamente quando vengono visitati i Siti. La Fondazione riceve e raccoglie il nome a dominio e l\u2019host dal quale viene effettuato l\u2019accesso ad Internet, l\u2019indirizzo di protocollo Internet (IP) del computer che si sta utilizzando, il software di navigazione, il sistema operativo, nonch\u00e9 la data e l\u2019ora dell\u2019accesso al Sito.<\/p>\n<p><strong>Informazioni raccolte tramite i Siti della Fondazione<\/strong>\u00a0(cosiddetti Cookie): <br \/>la Fondazione usa i cookie per garantire una navigazione sui propri Siti e una consultazione dei vari servizi migliori e pi\u00f9 personalizzate.<\/p>\n<p>Il Siti della Fondazione potrebbero contenere link verso altri siti web (\"Siti web collegati\"). Fondazione Clerici non \u00e8 responsabile delle dichiarazioni o pratiche di sicurezza dei Siti web collegati. La presente Informativa disciplina solo le informazioni raccolte sui Siti della Fondazione.<\/p>\n<p>Si raccomanda pertanto di leggere la dichiarazione sulla privacy pubblicata sui Siti web collegati prima di inviare eventuali dati personali a tali Siti.<\/p>\n\t\t\t\t<\/div>\n\t\t\t<\/div><\/div>\t\t<\/div>\n\t\t\t\t<\/div>\n\t\t\t\t<div class=\"elementor-element elementor-element-333f3a28 elementor-widget elementor-widget-elementskit-heading\" data-id=\"333f3a28\" data-element_type=\"widget\" data-widget_type=\"elementskit-heading.default\">\n\t\t\t\t<div class=\"elementor-widget-container\">\n\t\t\t<div class=\"ekit-wid-con\" ><div class=\"ekit-heading elementskit-section-title-wraper text_left   ekit_heading_tablet-   ekit_heading_mobile-\"><h3 class=\"elementskit-section-subtitle  elementskit-style-border\">\n\t\t\t\t\t\tINFORMATIVA PRIVACY\n\t\t\t\t\t<\/h3><h2 class=\"ekit-heading--title elementskit-section-title \">QUALI SONO I DIRITTI DEGLI INTERESSATI?<\/h2>\t\t\t\t<div class='ekit-heading__description'>\n\t\t\t\t\t<p>Ai sensi del GDPR e della normativa in vigore, in ogni momento, gli interessati potranno:<\/p>\n<p>-ottenere la conferma dell\u2019esistenza o meno dei dati che li riguardano;<\/p>\n<p>-conoscerne il contenuto e l\u2019origine, le finalit\u00e0 del trattamento e le sue modalit\u00e0, nonch\u00e9 la logica applicata al trattamento effettuato mediante strumenti elettronici;<\/p>\n<p>-verificarne l\u2019esattezza o chiederne l\u2019integrazione o l\u2019aggiornamento, la rettificazione. In caso di richiesta di rettifica dei dati, \u00e8 necessario fornire prova documentale valida.<\/p>\n<p>-chiederne la cancellazione, la trasformazione in forma anonima o il blocco dei dati trattati in violazione di Legge, nonch\u00e9 di opporsi in ogni caso, per motivi legittimi, al trattamento degli stessi;<\/p>\n<p>-ottenere la portabilit\u00e0 dei dati. In sostanza l\u2019interessato pu\u00f2 chiedere alla Fondazione di trasmettere i propri dati personali in un formato strutturato, di uso comune e a lettura ottica, direttamente ad un altro Titolare\/Responsabile del trattamento dei dati, laddove sia tecnicamente fattibile.<br \/>\nTale diritto sorge soltanto quando:<\/p>\n<p>-i dati personali vengono trattati con il consenso degli interessati o sia necessario per l\u2019esecuzione di un contratto in essere con la Fondazione;<\/p>\n<p>-il trattamento sia automatizzato;<\/p>\n<p>-chiedere la limitazione del trattamento dei dati personali nel caso in cui l\u2019interessato:<\/p>\n<p>-contesti l\u2019esattezza dei dati personali, per il periodo necessario a verificare l\u2019esattezza degli stessi;<\/p>\n<p>-il trattamento risulta illecito e l\u2019interessato chiede che ne sia limitato l\u2019utilizzo.<\/p>\n<p>-proporre reclamo al Garante per a Protezione dei Dati Personali, laddove ne sussistano i presupposti.<\/p>\n<p>\nPer esercitare tali diritti, l\u2019interessato \u00e8 pregato di rivolgersi via mail all\u2019indirizzo <a href=\"mailto:privacy@clerici.lombardia.it\">privacy@clerici.lombardia.it<\/a>\u00a0oppure a mezzo posta all\u2019indirizzo\u00a0<em>Fondazione Luigi Clerici, Via Montecuccoli n. 44\/2 \u2013 20147 Milano.<\/em><\/p>\n<p>L\u2019interessato ha altres\u00ec il diritto di richiedere che non gli vengano pi\u00f9 inviate eventuali newsletters della Fondazione attraverso il Sito web della Fondazione.<\/p>\n\t\t\t\t<\/div>\n\t\t\t<\/div><\/div>\t\t<\/div>\n\t\t\t\t<\/div>\n\t\t\t\t<div class=\"elementor-element elementor-element-578c0937 elementor-widget elementor-widget-elementskit-heading\" data-id=\"578c0937\" data-element_type=\"widget\" data-widget_type=\"elementskit-heading.default\">\n\t\t\t\t<div class=\"elementor-widget-container\">\n\t\t\t<div class=\"ekit-wid-con\" ><div class=\"ekit-heading elementskit-section-title-wraper text_left   ekit_heading_tablet-   ekit_heading_mobile-\"><h3 class=\"elementskit-section-subtitle  elementskit-style-border\">\n\t\t\t\t\t\tINFORMATIVA PRIVACY\n\t\t\t\t\t<\/h3><h2 class=\"ekit-heading--title elementskit-section-title \">PER QUANTO TEMPO LA FONDAZIONE CONSERVA I DATI TRATTATI?<\/h2>\t\t\t\t<div class='ekit-heading__description'>\n\t\t\t\t\t<p>In ottemperanza al GDPR, la Fondazione tratter\u00e0 i dati personali degli interessati per tutto il periodo necessario a soddisfare le finalit\u00e0 per le quali sono stati acquisiti e per i 10 anni successivi alla scadenza per finalit\u00e0 fiscali\/amministrative, di controllo dalle autorit\u00e0 competenti e di difesa e\/o per far valere un diritto della Fondazione in sede giudiziale e\/o stragiudiziale nel caso di controversie.<br \/>Nel caso di interesse legittimo per la Fondazione (come ad esempio esigenze di difesa giudiziale o motivazioni connesse alla lotta contro la frode, o ad altri obblighi di Legge), il periodo di conservazione dei dati potr\u00e0 essere prorogato di ulteriori 5 anni.<\/p>\n\t\t\t\t<\/div>\n\t\t\t<\/div><\/div>\t\t<\/div>\n\t\t\t\t<\/div>\n\t\t\t\t<div class=\"elementor-element elementor-element-786cfc4e elementor-widget elementor-widget-elementskit-heading\" data-id=\"786cfc4e\" data-element_type=\"widget\" data-widget_type=\"elementskit-heading.default\">\n\t\t\t\t<div class=\"elementor-widget-container\">\n\t\t\t<div class=\"ekit-wid-con\" ><div class=\"ekit-heading elementskit-section-title-wraper text_left   ekit_heading_tablet-   ekit_heading_mobile-\"><h3 class=\"elementskit-section-subtitle  elementskit-style-border\">\n\t\t\t\t\t\tINFORMATIVA PRIVACY\n\t\t\t\t\t<\/h3><h2 class=\"ekit-heading--title elementskit-section-title \">ALTRE DOMANDE?<\/h2>\t\t\t\t<div class='ekit-heading__description'>\n\t\t\t\t\t<p>Per eventuali richieste di chiarimento sulla raccolta, l\u2019elaborazione, l\u2019utilizzo dei dati personali, l\u2019interessato potr\u00e0 rivolgersi per iscritto alla Fondazione, scrivendo all\u2019indirizzo mail\u00a0<a href=\"mailto:privacy@clerici.lombardia.it\">privacy@clerici.lombardia.it<\/a>\u00a0oppure a mezzo posta all\u2019indirizzo\u00a0<em>Fondazione Luigi Clerici, Via Montecuccoli n. 44\/2 \u2013 20147 Milano.<\/em><\/p>\n\t\t\t\t<\/div>\n\t\t\t<\/div><\/div>\t\t<\/div>\n\t\t\t\t<\/div>\n\t\t\t\t<div class=\"elementor-element elementor-element-5fe24f8a elementor-widget elementor-widget-spacer\" data-id=\"5fe24f8a\" data-element_type=\"widget\" data-widget_type=\"spacer.default\">\n\t\t\t\t<div class=\"elementor-widget-container\">\n\t\t\t<style>\/*! elementor - v3.10.2 - 29-01-2023 *\/\n.elementor-column .elementor-spacer-inner{height:var(--spacer-size)}.e-con{--container-widget-width:100%}.e-con-inner>.elementor-widget-spacer,.e-con>.elementor-widget-spacer{width:var(--container-widget-width,var(--spacer-size));--align-self:var(--container-widget-align-self,initial);--flex-shrink:0}.e-con-inner>.elementor-widget-spacer>.elementor-widget-container,.e-con-inner>.elementor-widget-spacer>.elementor-widget-container>.elementor-spacer,.e-con>.elementor-widget-spacer>.elementor-widget-container,.e-con>.elementor-widget-spacer>.elementor-widget-container>.elementor-spacer{height:100%}.e-con-inner>.elementor-widget-spacer>.elementor-widget-container>.elementor-spacer>.elementor-spacer-inner,.e-con>.elementor-widget-spacer>.elementor-widget-container>.elementor-spacer>.elementor-spacer-inner{height:var(--container-widget-height,var(--spacer-size))}<\/style>\t\t<div class=\"elementor-spacer\">\n\t\t\t<div class=\"elementor-spacer-inner\"><\/div>\n\t\t<\/div>\n\t\t\t\t<\/div>\n\t\t\t\t<\/div>\n\t\t\t\t\t<\/div>\n\t\t<\/div>\n\t\t\t\t\t\t\t<\/div>\n\t\t<\/section>\n\t\t\t\t\t\t\t<\/div>\n\t\t","protected":false},"excerpt":{"rendered":"<p>PRIVACY INFORMATIVA PRIVACY TRATTAMENTO DEI DATI PERSONALI (Regolamento UE n. 679\/2016 \u2013 D. Lgs. n. 196 del 2003) Con la presente Informativa sul trattamento dei dati personali, redatta ai sensi del Regolamento UE n. 679 del 27 aprile 2016 (di seguito \u201cGDPR\u201d) e del D. Lgs. n. 196\/2003 (laddove applicabile), Fondazione Luigi Clerici (di seguito&hellip;&nbsp;<a href=\"https:\/\/benessere.clerici.lombardia.it\/accademia\/privacy-policy\/\" class=\"\" rel=\"bookmark\">Leggi tutto &raquo;<span class=\"screen-reader-text\">Privacy Policy<\/span><\/a><\/p>\n","protected":false},"author":1,"featured_media":0,"parent":0,"menu_order":0,"comment_status":"closed","ping_status":"open","template":"elementor_header_footer","meta":{"neve_meta_sidebar":"","neve_meta_container":"","neve_meta_enable_content_width":"","neve_meta_content_width":0,"neve_meta_title_alignment":"","neve_meta_author_avatar":"","neve_post_elements_order":"","neve_meta_disable_header":"","neve_meta_disable_footer":"","neve_meta_disable_title":""},"yoast_head":"<!-- This site is optimized with the Yoast SEO plugin v20.1 - https:\/\/yoast.com\/wordpress\/plugins\/seo\/ -->\r\n<title>Privacy Policy - Accademia del Benessere<\/title>\r\n<meta name=\"robots\" content=\"index, follow, max-snippet:-1, max-image-preview:large, max-video-preview:-1\" \/>\r\n<link rel=\"canonical\" href=\"https:\/\/benessere.clerici.lombardia.it\/accademia\/privacy-policy\/\" \/>\r\n<meta property=\"og:locale\" content=\"it_IT\" \/>\r\n<meta property=\"og:type\" content=\"article\" \/>\r\n<meta property=\"og:title\" content=\"Privacy Policy - Accademia del Benessere\" \/>\r\n<meta property=\"og:description\" content=\"PRIVACY INFORMATIVA PRIVACY TRATTAMENTO DEI DATI PERSONALI (Regolamento UE n. 679\/2016 \u2013 D. Lgs. n. 196 del 2003) Con la presente Informativa sul trattamento dei dati personali, redatta ai sensi del Regolamento UE n. 679 del 27 aprile 2016 (di seguito \u201cGDPR\u201d) e del D. Lgs. n. 196\/2003 (laddove applicabile), Fondazione Luigi Clerici (di seguito&hellip;&nbsp;Leggi tutto &raquo;Privacy Policy\" \/>\r\n<meta property=\"og:url\" content=\"https:\/\/benessere.clerici.lombardia.it\/accademia\/privacy-policy\/\" \/>\r\n<meta property=\"og:site_name\" content=\"Accademia del Benessere\" \/>\r\n<meta property=\"article:modified_time\" content=\"2023-02-13T10:11:55+00:00\" \/>\r\n<meta name=\"twitter:card\" content=\"summary_large_image\" \/>\r\n<meta name=\"twitter:label1\" content=\"Tempo di lettura stimato\" \/>\n\t<meta name=\"twitter:data1\" content=\"10 minuti\" \/>\r\n<script type=\"application\/ld+json\" class=\"yoast-schema-graph\">{\"@context\":\"https:\/\/schema.org\",\"@graph\":[{\"@type\":\"WebPage\",\"@id\":\"https:\/\/benessere.clerici.lombardia.it\/accademia\/privacy-policy\/\",\"url\":\"https:\/\/benessere.clerici.lombardia.it\/accademia\/privacy-policy\/\",\"name\":\"Privacy Policy - Accademia del Benessere\",\"isPartOf\":{\"@id\":\"https:\/\/benessere.clerici.lombardia.it\/accademia\/#website\"},\"datePublished\":\"2023-02-03T14:17:47+00:00\",\"dateModified\":\"2023-02-13T10:11:55+00:00\",\"breadcrumb\":{\"@id\":\"https:\/\/benessere.clerici.lombardia.it\/accademia\/privacy-policy\/#breadcrumb\"},\"inLanguage\":\"it-IT\",\"potentialAction\":[{\"@type\":\"ReadAction\",\"target\":[\"https:\/\/benessere.clerici.lombardia.it\/accademia\/privacy-policy\/\"]}]},{\"@type\":\"BreadcrumbList\",\"@id\":\"https:\/\/benessere.clerici.lombardia.it\/accademia\/privacy-policy\/#breadcrumb\",\"itemListElement\":[{\"@type\":\"ListItem\",\"position\":1,\"name\":\"Home\",\"item\":\"https:\/\/benessere.clerici.lombardia.it\/accademia\/\"},{\"@type\":\"ListItem\",\"position\":2,\"name\":\"Privacy Policy\"}]},{\"@type\":\"WebSite\",\"@id\":\"https:\/\/benessere.clerici.lombardia.it\/accademia\/#website\",\"url\":\"https:\/\/benessere.clerici.lombardia.it\/accademia\/\",\"name\":\"Accademia del Benessere\",\"description\":\"\",\"publisher\":{\"@id\":\"https:\/\/benessere.clerici.lombardia.it\/accademia\/#organization\"},\"potentialAction\":[{\"@type\":\"SearchAction\",\"target\":{\"@type\":\"EntryPoint\",\"urlTemplate\":\"https:\/\/benessere.clerici.lombardia.it\/accademia\/?s={search_term_string}\"},\"query-input\":\"required name=search_term_string\"}],\"inLanguage\":\"it-IT\"},{\"@type\":\"Organization\",\"@id\":\"https:\/\/benessere.clerici.lombardia.it\/accademia\/#organization\",\"name\":\"Accademia del Benessere\",\"url\":\"https:\/\/benessere.clerici.lombardia.it\/accademia\/\",\"logo\":{\"@type\":\"ImageObject\",\"inLanguage\":\"it-IT\",\"@id\":\"https:\/\/benessere.clerici.lombardia.it\/accademia\/#\/schema\/logo\/image\/\",\"url\":\"https:\/\/benessere.clerici.lombardia.it\/accademia\/wp-content\/uploads\/2023\/02\/logo_Accademia-del-Benessere.png\",\"contentUrl\":\"https:\/\/benessere.clerici.lombardia.it\/accademia\/wp-content\/uploads\/2023\/02\/logo_Accademia-del-Benessere.png\",\"width\":502,\"height\":87,\"caption\":\"Accademia del Benessere\"},\"image\":{\"@id\":\"https:\/\/benessere.clerici.lombardia.it\/accademia\/#\/schema\/logo\/image\/\"}}]}<\/script>\r\n<!-- \/ Yoast SEO plugin. -->","yoast_head_json":{"title":"Privacy Policy - Accademia del Benessere","robots":{"index":"index","follow":"follow","max-snippet":"max-snippet:-1","max-image-preview":"max-image-preview:large","max-video-preview":"max-video-preview:-1"},"canonical":"https:\/\/benessere.clerici.lombardia.it\/accademia\/privacy-policy\/","og_locale":"it_IT","og_type":"article","og_title":"Privacy Policy - Accademia del Benessere","og_description":"PRIVACY INFORMATIVA PRIVACY TRATTAMENTO DEI DATI PERSONALI (Regolamento UE n. 679\/2016 \u2013 D. Lgs. n. 196 del 2003) Con la presente Informativa sul trattamento dei dati personali, redatta ai sensi del Regolamento UE n. 679 del 27 aprile 2016 (di seguito \u201cGDPR\u201d) e del D. Lgs. n. 196\/2003 (laddove applicabile), Fondazione Luigi Clerici (di seguito&hellip;&nbsp;Leggi tutto &raquo;Privacy Policy","og_url":"https:\/\/benessere.clerici.lombardia.it\/accademia\/privacy-policy\/","og_site_name":"Accademia del Benessere","article_modified_time":"2023-02-13T10:11:55+00:00","twitter_card":"summary_large_image","twitter_misc":{"Tempo di lettura stimato":"10 minuti"},"schema":{"@context":"https:\/\/schema.org","@graph":[{"@type":"WebPage","@id":"https:\/\/benessere.clerici.lombardia.it\/accademia\/privacy-policy\/","url":"https:\/\/benessere.clerici.lombardia.it\/accademia\/privacy-policy\/","name":"Privacy Policy - Accademia del Benessere","isPartOf":{"@id":"https:\/\/benessere.clerici.lombardia.it\/accademia\/#website"},"datePublished":"2023-02-03T14:17:47+00:00","dateModified":"2023-02-13T10:11:55+00:00","breadcrumb":{"@id":"https:\/\/benessere.clerici.lombardia.it\/accademia\/privacy-policy\/#breadcrumb"},"inLanguage":"it-IT","potentialAction":[{"@type":"ReadAction","target":["https:\/\/benessere.clerici.lombardia.it\/accademia\/privacy-policy\/"]}]},{"@type":"BreadcrumbList","@id":"https:\/\/benessere.clerici.lombardia.it\/accademia\/privacy-policy\/#breadcrumb","itemListElement":[{"@type":"ListItem","position":1,"name":"Home","item":"https:\/\/benessere.clerici.lombardia.it\/accademia\/"},{"@type":"ListItem","position":2,"name":"Privacy Policy"}]},{"@type":"WebSite","@id":"https:\/\/benessere.clerici.lombardia.it\/accademia\/#website","url":"https:\/\/benessere.clerici.lombardia.it\/accademia\/","name":"Accademia del Benessere","description":"","publisher":{"@id":"https:\/\/benessere.clerici.lombardia.it\/accademia\/#organization"},"potentialAction":[{"@type":"SearchAction","target":{"@type":"EntryPoint","urlTemplate":"https:\/\/benessere.clerici.lombardia.it\/accademia\/?s={search_term_string}"},"query-input":"required name=search_term_string"}],"inLanguage":"it-IT"},{"@type":"Organization","@id":"https:\/\/benessere.clerici.lombardia.it\/accademia\/#organization","name":"Accademia del Benessere","url":"https:\/\/benessere.clerici.lombardia.it\/accademia\/","logo":{"@type":"ImageObject","inLanguage":"it-IT","@id":"https:\/\/benessere.clerici.lombardia.it\/accademia\/#\/schema\/logo\/image\/","url":"https:\/\/benessere.clerici.lombardia.it\/accademia\/wp-content\/uploads\/2023\/02\/logo_Accademia-del-Benessere.png","contentUrl":"https:\/\/benessere.clerici.lombardia.it\/accademia\/wp-content\/uploads\/2023\/02\/logo_Accademia-del-Benessere.png","width":502,"height":87,"caption":"Accademia del Benessere"},"image":{"@id":"https:\/\/benessere.clerici.lombardia.it\/accademia\/#\/schema\/logo\/image\/"}}]}},"_links":{"self":[{"href":"https:\/\/benessere.clerici.lombardia.it\/accademia\/wp-json\/wp\/v2\/pages\/3"}],"collection":[{"href":"https:\/\/benessere.clerici.lombardia.it\/accademia\/wp-json\/wp\/v2\/pages"}],"about":[{"href":"https:\/\/benessere.clerici.lombardia.it\/accademia\/wp-json\/wp\/v2\/types\/page"}],"author":[{"embeddable":true,"href":"https:\/\/benessere.clerici.lombardia.it\/accademia\/wp-json\/wp\/v2\/users\/1"}],"replies":[{"embeddable":true,"href":"https:\/\/benessere.clerici.lombardia.it\/accademia\/wp-json\/wp\/v2\/comments?post=3"}],"version-history":[{"count":3,"href":"https:\/\/benessere.clerici.lombardia.it\/accademia\/wp-json\/wp\/v2\/pages\/3\/revisions"}],"predecessor-version":[{"id":18,"href":"https:\/\/benessere.clerici.lombardia.it\/accademia\/wp-json\/wp\/v2\/pages\/3\/revisions\/18"}],"wp:attachment":[{"href":"https:\/\/benessere.clerici.lombardia.it\/accademia\/wp-json\/wp\/v2\/media?parent=3"}],"curies":[{"name":"wp","href":"https:\/\/api.w.org\/{rel}","templated":true}]}}